{"id":1531,"date":"2020-03-18T10:52:54","date_gmt":"2020-03-18T14:52:54","guid":{"rendered":"https:\/\/mycapil.com\/?page_id=1531"},"modified":"2021-10-15T12:17:03","modified_gmt":"2021-10-15T16:17:03","slug":"nos-articles","status":"publish","type":"page","link":"https:\/\/mycapil.com\/fr\/nos-articles\/","title":{"rendered":"Nos articles"},"content":{"rendered":"<h3>Nos articles<\/h3>\n<article>\n                        <a href=\"https:\/\/mycapil.com\/wp-admin\/post.php?post=2505&amp;action=edit&amp;lang=fr\" target=\"_blank\" rel=\"noopener\"><br \/>\n                        edit post<br \/>\n                    <\/a><br \/>\n                        <a href=\"https:\/\/mycapil.com\/fr\/evolution-greffe-de-cheveux-jour-apres-jour\/\"><img decoding=\"async\" width=\"350\" height=\"233\" src=\"https:\/\/mycapil.com\/wp-content\/themes\/jnews\/assets\/img\/jeg-empty.png\" alt=\"Evolution greffe de cheveux\" loading=\"lazy\" sizes=\"auto, (max-width: 350px) 100vw, 350px\" data-src=\"https:\/\/mycapil.com\/wp-content\/uploads\/2021\/02\/evolution-greffe-cheveux.jpg\" data-srcset=\"https:\/\/mycapil.com\/wp-content\/uploads\/2021\/02\/evolution-greffe-cheveux.jpg 600w, https:\/\/mycapil.com\/wp-content\/uploads\/2021\/02\/evolution-greffe-cheveux-300x200.jpg 300w, https:\/\/mycapil.com\/wp-content\/uploads\/2021\/02\/evolution-greffe-cheveux-555x370.jpg 555w, https:\/\/mycapil.com\/wp-content\/uploads\/2021\/02\/evolution-greffe-cheveux-360x240.jpg 360w, https:\/\/mycapil.com\/wp-content\/uploads\/2021\/02\/evolution-greffe-cheveux-262x175.jpg 262w\" data-sizes=\"auto\" data-expand=\"700\" data-animate=\"0\" \/><\/a><br \/>\n                            <a href=\"https:\/\/mycapil.com\/fr\/category\/greffe-de-cheveux\/\">Greffe de cheveux<\/a><\/p>\n<h3>\n                            <a href=\"https:\/\/mycapil.com\/fr\/evolution-greffe-de-cheveux-jour-apres-jour\/\">\u00c9volution de la greffe de cheveux jour apr\u00e8s jour<\/a><br \/>\n                        <\/h3>\n<p>                        <a href=\"https:\/\/mycapil.com\/fr\/evolution-greffe-de-cheveux-jour-apres-jour\/\" > 12 febrero 2021<\/a><br \/>\n                <\/article>\n<article>\n                        <a href=\"https:\/\/mycapil.com\/wp-admin\/post.php?post=2501&amp;action=edit&amp;lang=fr\" target=\"_blank\" rel=\"noopener\"><br \/>\n                        edit post<br \/>\n                    <\/a><br \/>\n                        <a href=\"https:\/\/mycapil.com\/fr\/meilleurs-medecins-greffe-de-cheveux-paris\/\"><img decoding=\"async\" width=\"350\" height=\"233\" src=\"https:\/\/mycapil.com\/wp-content\/themes\/jnews\/assets\/img\/jeg-empty.png\" alt=\"Greffe de cheveux Paris\" loading=\"lazy\" sizes=\"auto, (max-width: 350px) 100vw, 350px\" data-src=\"https:\/\/mycapil.com\/wp-content\/uploads\/2021\/02\/paris.jpg\" data-srcset=\"https:\/\/mycapil.com\/wp-content\/uploads\/2021\/02\/paris.jpg 600w, https:\/\/mycapil.com\/wp-content\/uploads\/2021\/02\/paris-300x200.jpg 300w, https:\/\/mycapil.com\/wp-content\/uploads\/2021\/02\/paris-555x370.jpg 555w, https:\/\/mycapil.com\/wp-content\/uploads\/2021\/02\/paris-360x240.jpg 360w, https:\/\/mycapil.com\/wp-content\/uploads\/2021\/02\/paris-262x175.jpg 262w\" data-sizes=\"auto\" data-expand=\"700\" data-animate=\"0\" \/><\/a><br \/>\n                            <a href=\"https:\/\/mycapil.com\/fr\/category\/greffe-de-cheveux\/\">Greffe de cheveux<\/a><\/p>\n<h3>\n                            <a href=\"https:\/\/mycapil.com\/fr\/meilleurs-medecins-greffe-de-cheveux-paris\/\">Top 3 des meilleurs m\u00e9decins en greffe de cheveux \u00e0 Paris<\/a><br \/>\n                        <\/h3>\n<p>                        <a href=\"https:\/\/mycapil.com\/fr\/meilleurs-medecins-greffe-de-cheveux-paris\/\" > 11 febrero 2021<\/a><br \/>\n                <\/article>\n<article>\n                        <a href=\"https:\/\/mycapil.com\/wp-admin\/post.php?post=2489&amp;action=edit&amp;lang=fr&#038;update_needed=1&#038;trid=325&#038;language_code=fr\" target=\"_blank\" rel=\"noopener\"><br \/>\n                        edit post<br \/>\n                    <\/a><br \/>\n                        <a href=\"https:\/\/mycapil.com\/fr\/capilclinic-avis\/\"><img decoding=\"async\" width=\"350\" height=\"178\" src=\"https:\/\/mycapil.com\/wp-content\/themes\/jnews\/assets\/img\/jeg-empty.png\" alt=\"capilclinic\" loading=\"lazy\" sizes=\"auto, (max-width: 350px) 100vw, 350px\" data-src=\"https:\/\/mycapil.com\/wp-content\/uploads\/2021\/02\/capilclinic.jpg\" data-srcset=\"https:\/\/mycapil.com\/wp-content\/uploads\/2021\/02\/capilclinic.jpg 1024w, https:\/\/mycapil.com\/wp-content\/uploads\/2021\/02\/capilclinic-300x153.jpg 300w, https:\/\/mycapil.com\/wp-content\/uploads\/2021\/02\/capilclinic-768x391.jpg 768w, https:\/\/mycapil.com\/wp-content\/uploads\/2021\/02\/capilclinic-555x282.jpg 555w, https:\/\/mycapil.com\/wp-content\/uploads\/2021\/02\/capilclinic-360x183.jpg 360w, https:\/\/mycapil.com\/wp-content\/uploads\/2021\/02\/capilclinic-262x133.jpg 262w\" data-sizes=\"auto\" data-expand=\"700\" data-animate=\"0\" \/><\/a><br \/>\n                            <a href=\"https:\/\/mycapil.com\/fr\/category\/greffe-de-cheveux\/\">Greffe de cheveux<\/a><\/p>\n<h3>\n                            <a href=\"https:\/\/mycapil.com\/fr\/capilclinic-avis\/\">Capilclinic avis: la greffe de cheveux est-elle vraiment efficace?<\/a><br \/>\n                        <\/h3>\n<p>                        <a href=\"https:\/\/mycapil.com\/fr\/capilclinic-avis\/\" > 11 febrero 2021<\/a><br \/>\n                <\/article>\n<article>\n                        <a href=\"https:\/\/mycapil.com\/wp-admin\/post.php?post=2472&amp;action=edit&amp;lang=fr\" target=\"_blank\" rel=\"noopener\"><br \/>\n                        edit post<br \/>\n                    <\/a><br \/>\n                        <a href=\"https:\/\/mycapil.com\/fr\/meilleures-cliniques-greffe-de-cheveux-france\/\"><img decoding=\"async\" width=\"350\" height=\"233\" src=\"https:\/\/mycapil.com\/wp-content\/themes\/jnews\/assets\/img\/jeg-empty.png\" alt=\"greffe de cheveux France\" loading=\"lazy\" sizes=\"auto, (max-width: 350px) 100vw, 350px\" data-src=\"https:\/\/mycapil.com\/wp-content\/uploads\/2021\/02\/greffe-de-cheveux-france.jpg\" data-srcset=\"https:\/\/mycapil.com\/wp-content\/uploads\/2021\/02\/greffe-de-cheveux-france.jpg 600w, https:\/\/mycapil.com\/wp-content\/uploads\/2021\/02\/greffe-de-cheveux-france-300x200.jpg 300w, https:\/\/mycapil.com\/wp-content\/uploads\/2021\/02\/greffe-de-cheveux-france-555x370.jpg 555w, https:\/\/mycapil.com\/wp-content\/uploads\/2021\/02\/greffe-de-cheveux-france-360x240.jpg 360w, https:\/\/mycapil.com\/wp-content\/uploads\/2021\/02\/greffe-de-cheveux-france-262x175.jpg 262w\" data-sizes=\"auto\" data-expand=\"700\" data-animate=\"0\" \/><\/a><br \/>\n                            <a href=\"https:\/\/mycapil.com\/fr\/category\/greffe-de-cheveux\/\">Greffe de cheveux<\/a><\/p>\n<h3>\n                            <a href=\"https:\/\/mycapil.com\/fr\/meilleures-cliniques-greffe-de-cheveux-france\/\">Les meilleures cliniques pour r\u00e9aliser des greffes de cheveux en France<\/a><br \/>\n                        <\/h3>\n<p>                        <a href=\"https:\/\/mycapil.com\/fr\/meilleures-cliniques-greffe-de-cheveux-france\/\" > 2 febrero 2021<\/a><br \/>\n                <\/article>\n<article>\n                        <a href=\"https:\/\/mycapil.com\/wp-admin\/post.php?post=2457&amp;action=edit&amp;lang=fr\" target=\"_blank\" rel=\"noopener\"><br \/>\n                        edit post<br \/>\n                    <\/a><br \/>\n                        <a href=\"https:\/\/mycapil.com\/fr\/meilleures-cliniques-greffes-de-cheveux-monde\/\"><img decoding=\"async\" width=\"350\" height=\"197\" src=\"https:\/\/mycapil.com\/wp-content\/themes\/jnews\/assets\/img\/jeg-empty.png\" alt=\"greffe de cheveux du Monde\" loading=\"lazy\" sizes=\"auto, (max-width: 350px) 100vw, 350px\" data-src=\"https:\/\/mycapil.com\/wp-content\/uploads\/2021\/02\/greffe-de-cheveux-monde.jpg\" data-srcset=\"https:\/\/mycapil.com\/wp-content\/uploads\/2021\/02\/greffe-de-cheveux-monde.jpg 600w, https:\/\/mycapil.com\/wp-content\/uploads\/2021\/02\/greffe-de-cheveux-monde-300x169.jpg 300w, https:\/\/mycapil.com\/wp-content\/uploads\/2021\/02\/greffe-de-cheveux-monde-555x312.jpg 555w, https:\/\/mycapil.com\/wp-content\/uploads\/2021\/02\/greffe-de-cheveux-monde-360x202.jpg 360w, https:\/\/mycapil.com\/wp-content\/uploads\/2021\/02\/greffe-de-cheveux-monde-262x147.jpg 262w\" data-sizes=\"auto\" data-expand=\"700\" data-animate=\"0\" \/><\/a><br \/>\n                            <a href=\"https:\/\/mycapil.com\/fr\/category\/generique\/\">G\u00e9n\u00e9rique<\/a><\/p>\n<h3>\n                            <a href=\"https:\/\/mycapil.com\/fr\/meilleures-cliniques-greffes-de-cheveux-monde\/\">Les meilleures cliniques des greffes de cheveux du Monde<\/a><br \/>\n                        <\/h3>\n<p>                        <a href=\"https:\/\/mycapil.com\/fr\/meilleures-cliniques-greffes-de-cheveux-monde\/\" > 1 febrero 2021<\/a><br \/>\n                <\/article>\n<article>\n                        <a href=\"https:\/\/mycapil.com\/wp-admin\/post.php?post=2434&amp;action=edit&amp;lang=fr\" target=\"_blank\" rel=\"noopener\"><br \/>\n                        edit post<br \/>\n                    <\/a><br \/>\n                        <a href=\"https:\/\/mycapil.com\/fr\/meilleures-cliniques-greffe-de-cheveux-paris\/\"><img decoding=\"async\" width=\"350\" height=\"233\" src=\"https:\/\/mycapil.com\/wp-content\/themes\/jnews\/assets\/img\/jeg-empty.png\" alt=\"Greffe de cheveux Paris\" loading=\"lazy\" sizes=\"auto, (max-width: 350px) 100vw, 350px\" data-src=\"https:\/\/mycapil.com\/wp-content\/uploads\/2021\/01\/greffe-de-cheveux-paris.jpg\" data-srcset=\"https:\/\/mycapil.com\/wp-content\/uploads\/2021\/01\/greffe-de-cheveux-paris.jpg 600w, https:\/\/mycapil.com\/wp-content\/uploads\/2021\/01\/greffe-de-cheveux-paris-300x200.jpg 300w, https:\/\/mycapil.com\/wp-content\/uploads\/2021\/01\/greffe-de-cheveux-paris-555x370.jpg 555w, https:\/\/mycapil.com\/wp-content\/uploads\/2021\/01\/greffe-de-cheveux-paris-360x240.jpg 360w, https:\/\/mycapil.com\/wp-content\/uploads\/2021\/01\/greffe-de-cheveux-paris-262x175.jpg 262w\" data-sizes=\"auto\" data-expand=\"700\" data-animate=\"0\" \/><\/a><br \/>\n                            <a href=\"https:\/\/mycapil.com\/fr\/category\/greffe-de-cheveux\/\">Greffe de cheveux<\/a><\/p>\n<h3>\n                            <a href=\"https:\/\/mycapil.com\/fr\/meilleures-cliniques-greffe-de-cheveux-paris\/\">Les meilleures cliniques pour r\u00e9aliser des greffes de cheveux \u00e0 Paris<\/a><br \/>\n                        <\/h3>\n<p>                        <a href=\"https:\/\/mycapil.com\/fr\/meilleures-cliniques-greffe-de-cheveux-paris\/\" > 29 enero 2021<\/a><br \/>\n                <\/article>\n<article>\n                        <a href=\"https:\/\/mycapil.com\/wp-admin\/post.php?post=2225&amp;action=edit&amp;lang=fr\" target=\"_blank\" rel=\"noopener\"><br \/>\n                        edit post<br \/>\n                    <\/a><br \/>\n                        <a href=\"https:\/\/mycapil.com\/fr\/greffe-de-cheveux-turquie\/\"><img decoding=\"async\" width=\"350\" height=\"218\" src=\"https:\/\/mycapil.com\/wp-content\/themes\/jnews\/assets\/img\/jeg-empty.png\" alt=\"Greffe de cheveux Turquie\" loading=\"lazy\" sizes=\"auto, (max-width: 350px) 100vw, 350px\" data-src=\"https:\/\/mycapil.com\/wp-content\/uploads\/2021\/01\/greffe-de-cheveux.jpg\" data-srcset=\"https:\/\/mycapil.com\/wp-content\/uploads\/2021\/01\/greffe-de-cheveux.jpg 600w, https:\/\/mycapil.com\/wp-content\/uploads\/2021\/01\/greffe-de-cheveux-300x187.jpg 300w, https:\/\/mycapil.com\/wp-content\/uploads\/2021\/01\/greffe-de-cheveux-555x345.jpg 555w, https:\/\/mycapil.com\/wp-content\/uploads\/2021\/01\/greffe-de-cheveux-360x224.jpg 360w, https:\/\/mycapil.com\/wp-content\/uploads\/2021\/01\/greffe-de-cheveux-262x163.jpg 262w\" data-sizes=\"auto\" data-expand=\"700\" data-animate=\"0\" \/><\/a><br \/>\n                            <a href=\"https:\/\/mycapil.com\/fr\/category\/greffe-de-cheveux\/\">Greffe de cheveux<\/a><\/p>\n<h3>\n                            <a href=\"https:\/\/mycapil.com\/fr\/greffe-de-cheveux-turquie\/\">Meilleures cliniques de greffe de cheveux en Turquie<\/a><br \/>\n                        <\/h3>\n<p>                        <a href=\"https:\/\/mycapil.com\/fr\/greffe-de-cheveux-turquie\/\" > 5 mayo 2021<\/a><br \/>\n                <\/article>\n<article>\n                        <a href=\"https:\/\/mycapil.com\/wp-admin\/post.php?post=1910&amp;action=edit&amp;lang=fr\" target=\"_blank\" rel=\"noopener\"><br \/>\n                        edit post<br \/>\n                    <\/a><br \/>\n                        <a href=\"https:\/\/mycapil.com\/fr\/alopecie-diffuse\/\"><img decoding=\"async\" width=\"350\" height=\"216\" src=\"https:\/\/mycapil.com\/wp-content\/themes\/jnews\/assets\/img\/jeg-empty.png\" alt=\"alopecia difusa\" loading=\"lazy\" sizes=\"auto, (max-width: 350px) 100vw, 350px\" data-src=\"https:\/\/mycapil.com\/wp-content\/uploads\/2020\/03\/alopecia-difusa.jpg\" data-srcset=\"https:\/\/mycapil.com\/wp-content\/uploads\/2020\/03\/alopecia-difusa.jpg 639w, https:\/\/mycapil.com\/wp-content\/uploads\/2020\/03\/alopecia-difusa-300x185.jpg 300w\" data-sizes=\"auto\" data-expand=\"700\" data-animate=\"0\" \/><\/a><br \/>\n                            <a href=\"https:\/\/mycapil.com\/fr\/category\/perte-de-cheveux\/\">Perte de cheveux<\/a><\/p>\n<h3>\n                            <a href=\"https:\/\/mycapil.com\/fr\/alopecie-diffuse\/\">\u00bfQu&#8217;est-ce que l&#8217;alop\u00e9cie diffuse?<\/a><br \/>\n                        <\/h3>\n<p>                        <a href=\"https:\/\/mycapil.com\/fr\/alopecie-diffuse\/\" > 4 abril 2020<\/a><br \/>\n                <\/article>\n<article>\n                        <a href=\"https:\/\/mycapil.com\/wp-admin\/post.php?post=1908&amp;action=edit&amp;lang=fr\" target=\"_blank\" rel=\"noopener\"><br \/>\n                        edit post<br \/>\n                    <\/a><br \/>\n                        <a href=\"https:\/\/mycapil.com\/fr\/perte-de-cheveux-post-partum\/\"><img decoding=\"async\" width=\"350\" height=\"233\" src=\"https:\/\/mycapil.com\/wp-content\/themes\/jnews\/assets\/img\/jeg-empty.png\" alt=\"chute de cheveux\" loading=\"lazy\" sizes=\"auto, (max-width: 350px) 100vw, 350px\" data-src=\"https:\/\/mycapil.com\/wp-content\/uploads\/2020\/03\/caida-cabello.jpg\" data-srcset=\"https:\/\/mycapil.com\/wp-content\/uploads\/2020\/03\/caida-cabello.jpg 656w, https:\/\/mycapil.com\/wp-content\/uploads\/2020\/03\/caida-cabello-300x200.jpg 300w\" data-sizes=\"auto\" data-expand=\"700\" data-animate=\"0\" \/><\/a><br \/>\n                            <a href=\"https:\/\/mycapil.com\/fr\/category\/perte-de-cheveux\/\">Perte de cheveux<\/a><\/p>\n<h3>\n                            <a href=\"https:\/\/mycapil.com\/fr\/perte-de-cheveux-post-partum\/\">Il y a une perte de cheveux post-partum<\/a><br \/>\n                        <\/h3>\n<p>                        <a href=\"https:\/\/mycapil.com\/fr\/perte-de-cheveux-post-partum\/\" > 4 abril 2020<\/a><br \/>\n                <\/article>\n<article>\n                        <a href=\"https:\/\/mycapil.com\/wp-admin\/post.php?post=1906&amp;action=edit&amp;lang=fr\" target=\"_blank\" rel=\"noopener\"><br \/>\n                        edit post<br \/>\n                    <\/a><br \/>\n                        <a href=\"https:\/\/mycapil.com\/fr\/alopecie-prematuree\/\"><img decoding=\"async\" width=\"350\" height=\"175\" src=\"https:\/\/mycapil.com\/wp-content\/themes\/jnews\/assets\/img\/jeg-empty.png\" alt=\"alopecia prematura\" loading=\"lazy\" sizes=\"auto, (max-width: 350px) 100vw, 350px\" data-src=\"https:\/\/mycapil.com\/wp-content\/uploads\/2020\/03\/alopecia-prematura.jpg\" data-srcset=\"https:\/\/mycapil.com\/wp-content\/uploads\/2020\/03\/alopecia-prematura.jpg 700w, https:\/\/mycapil.com\/wp-content\/uploads\/2020\/03\/alopecia-prematura-300x150.jpg 300w\" data-sizes=\"auto\" data-expand=\"700\" data-animate=\"0\" \/><\/a><br \/>\n                            <a href=\"https:\/\/mycapil.com\/fr\/category\/alopecie-feminine\/\">Alop\u00e9cie f\u00e9minine<\/a><\/p>\n<h3>\n                            <a href=\"https:\/\/mycapil.com\/fr\/alopecie-prematuree\/\">Alop\u00e9cie \u00e0 20 ans<\/a><br \/>\n                        <\/h3>\n<p>                        <a href=\"https:\/\/mycapil.com\/fr\/alopecie-prematuree\/\" > 4 abril 2020<\/a><br \/>\n                <\/article>\n<article>\n                        <a href=\"https:\/\/mycapil.com\/wp-admin\/post.php?post=1904&amp;action=edit&amp;lang=fr\" target=\"_blank\" rel=\"noopener\"><br \/>\n                        edit post<br \/>\n                    <\/a><br \/>\n                        <a href=\"https:\/\/mycapil.com\/fr\/causes-perte-cheveux\/\"><img decoding=\"async\" width=\"350\" height=\"232\" src=\"https:\/\/mycapil.com\/wp-content\/themes\/jnews\/assets\/img\/jeg-empty.png\" alt=\"perdida de cabello\" loading=\"lazy\" sizes=\"auto, (max-width: 350px) 100vw, 350px\" data-src=\"https:\/\/mycapil.com\/wp-content\/uploads\/2020\/03\/perdida-cabello.png\" data-srcset=\"https:\/\/mycapil.com\/wp-content\/uploads\/2020\/03\/perdida-cabello.png 557w, https:\/\/mycapil.com\/wp-content\/uploads\/2020\/03\/perdida-cabello-300x199.png 300w\" data-sizes=\"auto\" data-expand=\"700\" data-animate=\"0\" \/><\/a><br \/>\n                            <a href=\"https:\/\/mycapil.com\/fr\/category\/perte-de-cheveux\/\">Perte de cheveux<\/a><\/p>\n<h3>\n                            <a href=\"https:\/\/mycapil.com\/fr\/causes-perte-cheveux\/\">Les causes les plus courantes de perte de cheveux<\/a><br \/>\n                        <\/h3>\n<p>                        <a href=\"https:\/\/mycapil.com\/fr\/causes-perte-cheveux\/\" > 4 abril 2020<\/a><br \/>\n                <\/article>\n<article>\n                        <a href=\"https:\/\/mycapil.com\/wp-admin\/post.php?post=1902&amp;action=edit&amp;lang=fr\" target=\"_blank\" rel=\"noopener\"><br \/>\n                        edit post<br \/>\n                    <\/a><br \/>\n                        <a href=\"https:\/\/mycapil.com\/fr\/alopecie-stress\/\"><img decoding=\"async\" width=\"350\" height=\"233\" src=\"https:\/\/mycapil.com\/wp-content\/themes\/jnews\/assets\/img\/jeg-empty.png\" alt=\"alopecia por estr\u00e9s\" loading=\"lazy\" sizes=\"auto, (max-width: 350px) 100vw, 350px\" data-src=\"https:\/\/mycapil.com\/wp-content\/uploads\/2020\/03\/alopecia-estres.jpg\" data-srcset=\"https:\/\/mycapil.com\/wp-content\/uploads\/2020\/03\/alopecia-estres.jpg 775w, https:\/\/mycapil.com\/wp-content\/uploads\/2020\/03\/alopecia-estres-300x200.jpg 300w, https:\/\/mycapil.com\/wp-content\/uploads\/2020\/03\/alopecia-estres-768x512.jpg 768w\" data-sizes=\"auto\" data-expand=\"700\" data-animate=\"0\" \/><\/a><br \/>\n                            <a href=\"https:\/\/mycapil.com\/fr\/category\/generique\/\">G\u00e9n\u00e9rique<\/a><\/p>\n<h3>\n                            <a href=\"https:\/\/mycapil.com\/fr\/alopecie-stress\/\">Qu&#8217;est-ce que l&#8217;alop\u00e9cie de stress<\/a><br \/>\n                        <\/h3>\n<p>                        <a href=\"https:\/\/mycapil.com\/fr\/alopecie-stress\/\" > 13 junio 2021<\/a><br \/>\n                <\/article>\n<article>\n                        <a href=\"https:\/\/mycapil.com\/wp-admin\/post.php?post=945&amp;action=edit&amp;lang=fr\" target=\"_blank\" rel=\"noopener\"><br \/>\n                        edit post<br \/>\n                    <\/a><br \/>\n                        <a href=\"https:\/\/mycapil.com\/fr\/comment-detecter-alopecie-precoce\/\"><img decoding=\"async\" width=\"350\" height=\"197\" src=\"https:\/\/mycapil.com\/wp-content\/themes\/jnews\/assets\/img\/jeg-empty.png\" alt=\"alopecia precoz\" loading=\"lazy\" sizes=\"auto, (max-width: 350px) 100vw, 350px\" data-src=\"https:\/\/mycapil.com\/wp-content\/uploads\/2020\/03\/falta-pelo.jpg\" data-srcset=\"https:\/\/mycapil.com\/wp-content\/uploads\/2020\/03\/falta-pelo.jpg 992w, https:\/\/mycapil.com\/wp-content\/uploads\/2020\/03\/falta-pelo-300x169.jpg 300w, https:\/\/mycapil.com\/wp-content\/uploads\/2020\/03\/falta-pelo-768x432.jpg 768w\" data-sizes=\"auto\" data-expand=\"700\" data-animate=\"0\" \/><\/a><br \/>\n                            <a href=\"https:\/\/mycapil.com\/fr\/category\/alopecie-feminine\/\">Alop\u00e9cie f\u00e9minine<\/a><\/p>\n<h3>\n                            <a href=\"https:\/\/mycapil.com\/fr\/comment-detecter-alopecie-precoce\/\">Comment d\u00e9tecter une alop\u00e9cie pr\u00e9coce?<\/a><br \/>\n                        <\/h3>\n<p>                        <a href=\"https:\/\/mycapil.com\/fr\/comment-detecter-alopecie-precoce\/\" > 16 marzo 2020<\/a><br \/>\n                <\/article>\n<article>\n                        <a href=\"https:\/\/mycapil.com\/wp-admin\/post.php?post=943&amp;action=edit&amp;lang=fr\" target=\"_blank\" rel=\"noopener\"><br \/>\n                        edit post<br \/>\n                    <\/a><br \/>\n                        <a href=\"https:\/\/mycapil.com\/fr\/comment-stopper-alopecie\/\"><img decoding=\"async\" width=\"333\" height=\"250\" src=\"https:\/\/mycapil.com\/wp-content\/themes\/jnews\/assets\/img\/jeg-empty.png\" alt=\"frenar la alopecia\" loading=\"lazy\" sizes=\"auto, (max-width: 333px) 100vw, 333px\" data-src=\"https:\/\/mycapil.com\/wp-content\/uploads\/2020\/03\/alopecia-frenar.jpg\" data-srcset=\"https:\/\/mycapil.com\/wp-content\/uploads\/2020\/03\/alopecia-frenar.jpg 580w, https:\/\/mycapil.com\/wp-content\/uploads\/2020\/03\/alopecia-frenar-300x225.jpg 300w\" data-sizes=\"auto\" data-expand=\"700\" data-animate=\"0\" \/><\/a><br \/>\n                            <a href=\"https:\/\/mycapil.com\/fr\/category\/alopecie-feminine\/\">Alop\u00e9cie f\u00e9minine<\/a><\/p>\n<h3>\n                            <a href=\"https:\/\/mycapil.com\/fr\/comment-stopper-alopecie\/\">Comment stopper l&#8217;alop\u00e9cie?<\/a><br \/>\n                        <\/h3>\n<p>                        <a href=\"https:\/\/mycapil.com\/fr\/comment-stopper-alopecie\/\" > 16 marzo 2020<\/a><br \/>\n                <\/article>\n<p>                    <a href=\"#\" title=\"Previous\"><\/a><br \/>\n                    <a href=\"#\" title=\"Next\"><\/a><\/p>\n<style scoped>.jnews_module__0_6169a97f29711 .jeg_post_meta, .jnews_module__0_6169a97f29711 .jeg_post_meta .fa, .jnews_module__0_6169a97f29711.jeg_postblock .jeg_subcat_list > li > a:hover, .jnews_module__0_6169a97f29711 .jeg_pl_md_card .jeg_post_category a, .jnews_module__0_6169a97f29711.jeg_postblock .jeg_subcat_list > li > a.current { color: #979797 }<\/style>\n","protected":false},"excerpt":{"rendered":"<p>Nos articles edit post Greffe de cheveux \u00c9volution de la greffe de cheveux jour apr\u00e8s jour 12 febrero 2021 edit post Greffe de cheveux Top 3 des meilleurs m\u00e9decins en greffe de cheveux \u00e0 Paris 11 febrero 2021 edit post Greffe de cheveux Capilclinic avis: la greffe de cheveux est-elle vraiment efficace? 11 febrero 2021 [&hellip;]<\/p>\n","protected":false},"author":2,"featured_media":0,"parent":0,"menu_order":0,"comment_status":"closed","ping_status":"closed","template":"","meta":{"footnotes":""},"class_list":["post-1531","page","type-page","status-publish"],"yoast_head":"<!-- This site is optimized with the Yoast SEO plugin v25.9 - https:\/\/yoast.com\/wordpress\/plugins\/seo\/ -->\n<title>Les meilleurs articles sur le monde du cheveu et ses secrets<\/title>\n<meta name=\"description\" content=\"D\u00e9couvrez tous nos articles sur la greffe de cheveux, les diff\u00e9rents traitements capillaires, et les causes de l&#039;alop\u00e9cie.\" \/>\n<meta name=\"robots\" content=\"index, follow, max-snippet:-1, max-image-preview:large, max-video-preview:-1\" \/>\n<link rel=\"canonical\" href=\"https:\/\/mycapil.com\/fr\/nos-articles\/\" \/>\n<meta property=\"og:locale\" content=\"fr_FR\" \/>\n<meta property=\"og:type\" content=\"article\" \/>\n<meta property=\"og:title\" content=\"Les meilleurs articles sur le monde du cheveu et ses secrets\" \/>\n<meta property=\"og:description\" content=\"D\u00e9couvrez tous nos articles sur la greffe de cheveux, les diff\u00e9rents traitements capillaires, et les causes de l&#039;alop\u00e9cie.\" \/>\n<meta property=\"og:url\" content=\"https:\/\/mycapil.com\/fr\/nos-articles\/\" \/>\n<meta property=\"og:site_name\" content=\"MyCapil\" \/>\n<meta property=\"article:modified_time\" content=\"2021-10-15T16:17:03+00:00\" \/>\n<meta property=\"og:image\" content=\"https:\/\/mycapil.com\/wp-content\/themes\/jnews\/assets\/img\/jeg-empty.png\" \/>\n<meta name=\"twitter:card\" content=\"summary_large_image\" \/>\n<meta name=\"twitter:label1\" content=\"Est. reading time\" \/>\n\t<meta name=\"twitter:data1\" content=\"4 minutes\" \/>\n<script type=\"application\/ld+json\" class=\"yoast-schema-graph\">{\"@context\":\"https:\/\/schema.org\",\"@graph\":[{\"@type\":\"WebPage\",\"@id\":\"https:\/\/mycapil.com\/fr\/nos-articles\/\",\"url\":\"https:\/\/mycapil.com\/fr\/nos-articles\/\",\"name\":\"Les meilleurs articles sur le monde du cheveu et ses secrets\",\"isPartOf\":{\"@id\":\"https:\/\/mycapil.com\/fr\/#website\"},\"primaryImageOfPage\":{\"@id\":\"https:\/\/mycapil.com\/fr\/nos-articles\/#primaryimage\"},\"image\":{\"@id\":\"https:\/\/mycapil.com\/fr\/nos-articles\/#primaryimage\"},\"thumbnailUrl\":\"https:\/\/mycapil.com\/wp-content\/themes\/jnews\/assets\/img\/jeg-empty.png\",\"datePublished\":\"2020-03-18T14:52:54+00:00\",\"dateModified\":\"2021-10-15T16:17:03+00:00\",\"description\":\"D\u00e9couvrez tous nos articles sur la greffe de cheveux, les diff\u00e9rents traitements capillaires, et les causes de l'alop\u00e9cie.\",\"breadcrumb\":{\"@id\":\"https:\/\/mycapil.com\/fr\/nos-articles\/#breadcrumb\"},\"inLanguage\":\"fr\",\"potentialAction\":[{\"@type\":\"ReadAction\",\"target\":[\"https:\/\/mycapil.com\/fr\/nos-articles\/\"]}]},{\"@type\":\"ImageObject\",\"inLanguage\":\"fr\",\"@id\":\"https:\/\/mycapil.com\/fr\/nos-articles\/#primaryimage\",\"url\":\"https:\/\/mycapil.com\/wp-content\/themes\/jnews\/assets\/img\/jeg-empty.png\",\"contentUrl\":\"https:\/\/mycapil.com\/wp-content\/themes\/jnews\/assets\/img\/jeg-empty.png\"},{\"@type\":\"BreadcrumbList\",\"@id\":\"https:\/\/mycapil.com\/fr\/nos-articles\/#breadcrumb\",\"itemListElement\":[{\"@type\":\"ListItem\",\"position\":1,\"name\":\"Accueil\",\"item\":\"https:\/\/mycapil.com\/fr\/\"},{\"@type\":\"ListItem\",\"position\":2,\"name\":\"Nos articles\"}]},{\"@type\":\"WebSite\",\"@id\":\"https:\/\/mycapil.com\/fr\/#website\",\"url\":\"https:\/\/mycapil.com\/fr\/\",\"name\":\"MyCapil\",\"description\":\"Alop\u00e9cie, Chute de cheveux, capillaire\",\"publisher\":{\"@id\":\"https:\/\/mycapil.com\/fr\/#organization\"},\"potentialAction\":[{\"@type\":\"SearchAction\",\"target\":{\"@type\":\"EntryPoint\",\"urlTemplate\":\"https:\/\/mycapil.com\/fr\/?s={search_term_string}\"},\"query-input\":{\"@type\":\"PropertyValueSpecification\",\"valueRequired\":true,\"valueName\":\"search_term_string\"}}],\"inLanguage\":\"fr\"},{\"@type\":\"Organization\",\"@id\":\"https:\/\/mycapil.com\/fr\/#organization\",\"name\":\"MyCapil\",\"url\":\"https:\/\/mycapil.com\/fr\/\",\"logo\":{\"@type\":\"ImageObject\",\"inLanguage\":\"fr\",\"@id\":\"https:\/\/mycapil.com\/fr\/#\/schema\/logo\/image\/\",\"url\":\"https:\/\/mycapil.com\/wp-content\/uploads\/2020\/02\/Mycapil3.png\",\"contentUrl\":\"https:\/\/mycapil.com\/wp-content\/uploads\/2020\/02\/Mycapil3.png\",\"width\":339,\"height\":113,\"caption\":\"MyCapil\"},\"image\":{\"@id\":\"https:\/\/mycapil.com\/fr\/#\/schema\/logo\/image\/\"}}]}<\/script>\n<!-- \/ Yoast SEO plugin. -->","yoast_head_json":{"title":"Les meilleurs articles sur le monde du cheveu et ses secrets","description":"D\u00e9couvrez tous nos articles sur la greffe de cheveux, les diff\u00e9rents traitements capillaires, et les causes de l'alop\u00e9cie.","robots":{"index":"index","follow":"follow","max-snippet":"max-snippet:-1","max-image-preview":"max-image-preview:large","max-video-preview":"max-video-preview:-1"},"canonical":"https:\/\/mycapil.com\/fr\/nos-articles\/","og_locale":"fr_FR","og_type":"article","og_title":"Les meilleurs articles sur le monde du cheveu et ses secrets","og_description":"D\u00e9couvrez tous nos articles sur la greffe de cheveux, les diff\u00e9rents traitements capillaires, et les causes de l'alop\u00e9cie.","og_url":"https:\/\/mycapil.com\/fr\/nos-articles\/","og_site_name":"MyCapil","article_modified_time":"2021-10-15T16:17:03+00:00","og_image":[{"url":"https:\/\/mycapil.com\/wp-content\/themes\/jnews\/assets\/img\/jeg-empty.png","type":"","width":"","height":""}],"twitter_card":"summary_large_image","twitter_misc":{"Est. reading time":"4 minutes"},"schema":{"@context":"https:\/\/schema.org","@graph":[{"@type":"WebPage","@id":"https:\/\/mycapil.com\/fr\/nos-articles\/","url":"https:\/\/mycapil.com\/fr\/nos-articles\/","name":"Les meilleurs articles sur le monde du cheveu et ses secrets","isPartOf":{"@id":"https:\/\/mycapil.com\/fr\/#website"},"primaryImageOfPage":{"@id":"https:\/\/mycapil.com\/fr\/nos-articles\/#primaryimage"},"image":{"@id":"https:\/\/mycapil.com\/fr\/nos-articles\/#primaryimage"},"thumbnailUrl":"https:\/\/mycapil.com\/wp-content\/themes\/jnews\/assets\/img\/jeg-empty.png","datePublished":"2020-03-18T14:52:54+00:00","dateModified":"2021-10-15T16:17:03+00:00","description":"D\u00e9couvrez tous nos articles sur la greffe de cheveux, les diff\u00e9rents traitements capillaires, et les causes de l'alop\u00e9cie.","breadcrumb":{"@id":"https:\/\/mycapil.com\/fr\/nos-articles\/#breadcrumb"},"inLanguage":"fr","potentialAction":[{"@type":"ReadAction","target":["https:\/\/mycapil.com\/fr\/nos-articles\/"]}]},{"@type":"ImageObject","inLanguage":"fr","@id":"https:\/\/mycapil.com\/fr\/nos-articles\/#primaryimage","url":"https:\/\/mycapil.com\/wp-content\/themes\/jnews\/assets\/img\/jeg-empty.png","contentUrl":"https:\/\/mycapil.com\/wp-content\/themes\/jnews\/assets\/img\/jeg-empty.png"},{"@type":"BreadcrumbList","@id":"https:\/\/mycapil.com\/fr\/nos-articles\/#breadcrumb","itemListElement":[{"@type":"ListItem","position":1,"name":"Accueil","item":"https:\/\/mycapil.com\/fr\/"},{"@type":"ListItem","position":2,"name":"Nos articles"}]},{"@type":"WebSite","@id":"https:\/\/mycapil.com\/fr\/#website","url":"https:\/\/mycapil.com\/fr\/","name":"MyCapil","description":"Alop\u00e9cie, Chute de cheveux, capillaire","publisher":{"@id":"https:\/\/mycapil.com\/fr\/#organization"},"potentialAction":[{"@type":"SearchAction","target":{"@type":"EntryPoint","urlTemplate":"https:\/\/mycapil.com\/fr\/?s={search_term_string}"},"query-input":{"@type":"PropertyValueSpecification","valueRequired":true,"valueName":"search_term_string"}}],"inLanguage":"fr"},{"@type":"Organization","@id":"https:\/\/mycapil.com\/fr\/#organization","name":"MyCapil","url":"https:\/\/mycapil.com\/fr\/","logo":{"@type":"ImageObject","inLanguage":"fr","@id":"https:\/\/mycapil.com\/fr\/#\/schema\/logo\/image\/","url":"https:\/\/mycapil.com\/wp-content\/uploads\/2020\/02\/Mycapil3.png","contentUrl":"https:\/\/mycapil.com\/wp-content\/uploads\/2020\/02\/Mycapil3.png","width":339,"height":113,"caption":"MyCapil"},"image":{"@id":"https:\/\/mycapil.com\/fr\/#\/schema\/logo\/image\/"}}]}},"_links":{"self":[{"href":"https:\/\/mycapil.com\/fr\/wp-json\/wp\/v2\/pages\/1531","targetHints":{"allow":["GET"]}}],"collection":[{"href":"https:\/\/mycapil.com\/fr\/wp-json\/wp\/v2\/pages"}],"about":[{"href":"https:\/\/mycapil.com\/fr\/wp-json\/wp\/v2\/types\/page"}],"author":[{"embeddable":true,"href":"https:\/\/mycapil.com\/fr\/wp-json\/wp\/v2\/users\/2"}],"replies":[{"embeddable":true,"href":"https:\/\/mycapil.com\/fr\/wp-json\/wp\/v2\/comments?post=1531"}],"version-history":[{"count":11,"href":"https:\/\/mycapil.com\/fr\/wp-json\/wp\/v2\/pages\/1531\/revisions"}],"predecessor-version":[{"id":4675,"href":"https:\/\/mycapil.com\/fr\/wp-json\/wp\/v2\/pages\/1531\/revisions\/4675"}],"wp:attachment":[{"href":"https:\/\/mycapil.com\/fr\/wp-json\/wp\/v2\/media?parent=1531"}],"curies":[{"name":"wp","href":"https:\/\/api.w.org\/{rel}","templated":true}]}}