{"id":3512,"date":"2021-07-14T04:46:15","date_gmt":"2021-07-14T08:46:15","guid":{"rendered":"https:\/\/nuevaweb.mycapil.com\/accueil\/"},"modified":"2021-10-15T12:04:46","modified_gmt":"2021-10-15T16:04:46","slug":"accueil","status":"publish","type":"page","link":"https:\/\/mycapil.com\/fr\/accueil\/","title":{"rendered":"Accueil"},"content":{"rendered":"<article style=\"padding: 0 0 0px 0px;\">\n                            <a href=\"https:\/\/mycapil.com\/wp-admin\/post.php?post=2505&amp;action=edit&amp;lang=fr\" target=\"_blank\" rel=\"noopener\"><br \/>\n                        edit post<br \/>\n                    <\/a><br \/>\n                                <a href=\"https:\/\/mycapil.com\/fr\/evolution-greffe-de-cheveux-jour-apres-jour\/\" ><br \/>\n                    <\/a><br \/>\n                                <a href=\"https:\/\/mycapil.com\/fr\/category\/greffe-de-cheveux\/\">Greffe de cheveux<\/a><\/p>\n<h2>\n                                        <a href=\"https:\/\/mycapil.com\/fr\/evolution-greffe-de-cheveux-jour-apres-jour\/\" >\u00c9volution de la greffe de cheveux jour apr\u00e8s jour<\/a><br \/>\n                                    <\/h2>\n<p>                                    by <a href=\"https:\/\/mycapil.com\/fr\/author\/mycapilc\/\">MyCapil<\/a><a href=\"https:\/\/mycapil.com\/fr\/evolution-greffe-de-cheveux-jour-apres-jour\/\"> 12 f\u00e9vrier 2021<\/a><br \/>\n                    <\/article>\n<p>                <strong>Optimal Column<\/strong> This module works best for column <strong>12<\/strong> ( current column width <strong>4<\/strong> ). This warning will only show if you login as Admin.<\/p>\n<h3>Les meilleurs articles<\/h3>\n<article>\n                        <a href=\"https:\/\/mycapil.com\/wp-admin\/post.php?post=2434&amp;action=edit&amp;lang=fr\" target=\"_blank\" rel=\"noopener\"><br \/>\n                        edit post<br \/>\n                    <\/a><br \/>\n                        <a href=\"https:\/\/mycapil.com\/fr\/meilleures-cliniques-greffe-de-cheveux-paris\/\"><img decoding=\"async\" width=\"120\" height=\"80\" src=\"https:\/\/mycapil.com\/wp-content\/themes\/jnews\/assets\/img\/jeg-empty.png\" alt=\"Greffe de cheveux Paris\" loading=\"lazy\" sizes=\"auto, (max-width: 120px) 100vw, 120px\" data-src=\"https:\/\/mycapil.com\/wp-content\/uploads\/2021\/01\/greffe-de-cheveux-paris.jpg\" data-srcset=\"https:\/\/mycapil.com\/wp-content\/uploads\/2021\/01\/greffe-de-cheveux-paris.jpg 600w, https:\/\/mycapil.com\/wp-content\/uploads\/2021\/01\/greffe-de-cheveux-paris-300x200.jpg 300w, https:\/\/mycapil.com\/wp-content\/uploads\/2021\/01\/greffe-de-cheveux-paris-555x370.jpg 555w, https:\/\/mycapil.com\/wp-content\/uploads\/2021\/01\/greffe-de-cheveux-paris-360x240.jpg 360w, https:\/\/mycapil.com\/wp-content\/uploads\/2021\/01\/greffe-de-cheveux-paris-262x175.jpg 262w\" data-sizes=\"auto\" data-expand=\"700\" data-animate=\"0\" \/><\/a><\/p>\n<h3>\n                            <a href=\"https:\/\/mycapil.com\/fr\/meilleures-cliniques-greffe-de-cheveux-paris\/\">Les meilleures cliniques pour r\u00e9aliser des greffes de cheveux \u00e0 Paris<\/a><br \/>\n                        <\/h3>\n<p>                        <a href=\"https:\/\/mycapil.com\/fr\/meilleures-cliniques-greffe-de-cheveux-paris\/\" > 29 janvier 2021<\/a><br \/>\n                <\/article>\n<article>\n                        <a href=\"https:\/\/mycapil.com\/wp-admin\/post.php?post=2505&amp;action=edit&amp;lang=fr\" target=\"_blank\" rel=\"noopener\"><br \/>\n                        edit post<br \/>\n                    <\/a><br \/>\n                        <a href=\"https:\/\/mycapil.com\/fr\/evolution-greffe-de-cheveux-jour-apres-jour\/\"><img decoding=\"async\" width=\"120\" height=\"80\" src=\"https:\/\/mycapil.com\/wp-content\/themes\/jnews\/assets\/img\/jeg-empty.png\" alt=\"Evolution greffe de cheveux\" loading=\"lazy\" sizes=\"auto, (max-width: 120px) 100vw, 120px\" data-src=\"https:\/\/mycapil.com\/wp-content\/uploads\/2021\/02\/evolution-greffe-cheveux.jpg\" data-srcset=\"https:\/\/mycapil.com\/wp-content\/uploads\/2021\/02\/evolution-greffe-cheveux.jpg 600w, https:\/\/mycapil.com\/wp-content\/uploads\/2021\/02\/evolution-greffe-cheveux-300x200.jpg 300w, https:\/\/mycapil.com\/wp-content\/uploads\/2021\/02\/evolution-greffe-cheveux-555x370.jpg 555w, https:\/\/mycapil.com\/wp-content\/uploads\/2021\/02\/evolution-greffe-cheveux-360x240.jpg 360w, https:\/\/mycapil.com\/wp-content\/uploads\/2021\/02\/evolution-greffe-cheveux-262x175.jpg 262w\" data-sizes=\"auto\" data-expand=\"700\" data-animate=\"0\" \/><\/a><\/p>\n<h3>\n                            <a href=\"https:\/\/mycapil.com\/fr\/evolution-greffe-de-cheveux-jour-apres-jour\/\">\u00c9volution de la greffe de cheveux jour apr\u00e8s jour<\/a><br \/>\n                        <\/h3>\n<p>                        <a href=\"https:\/\/mycapil.com\/fr\/evolution-greffe-de-cheveux-jour-apres-jour\/\" > 12 f\u00e9vrier 2021<\/a><br \/>\n                <\/article>\n<article>\n                        <a href=\"https:\/\/mycapil.com\/wp-admin\/post.php?post=2457&amp;action=edit&amp;lang=fr\" target=\"_blank\" rel=\"noopener\"><br \/>\n                        edit post<br \/>\n                    <\/a><br \/>\n                        <a href=\"https:\/\/mycapil.com\/fr\/meilleures-cliniques-greffes-de-cheveux-monde\/\"><img decoding=\"async\" width=\"120\" height=\"67\" src=\"https:\/\/mycapil.com\/wp-content\/themes\/jnews\/assets\/img\/jeg-empty.png\" alt=\"greffe de cheveux du Monde\" loading=\"lazy\" sizes=\"auto, (max-width: 120px) 100vw, 120px\" data-src=\"https:\/\/mycapil.com\/wp-content\/uploads\/2021\/02\/greffe-de-cheveux-monde.jpg\" data-srcset=\"https:\/\/mycapil.com\/wp-content\/uploads\/2021\/02\/greffe-de-cheveux-monde.jpg 600w, https:\/\/mycapil.com\/wp-content\/uploads\/2021\/02\/greffe-de-cheveux-monde-300x169.jpg 300w, https:\/\/mycapil.com\/wp-content\/uploads\/2021\/02\/greffe-de-cheveux-monde-555x312.jpg 555w, https:\/\/mycapil.com\/wp-content\/uploads\/2021\/02\/greffe-de-cheveux-monde-360x202.jpg 360w, https:\/\/mycapil.com\/wp-content\/uploads\/2021\/02\/greffe-de-cheveux-monde-262x147.jpg 262w\" data-sizes=\"auto\" data-expand=\"700\" data-animate=\"0\" \/><\/a><\/p>\n<h3>\n                            <a href=\"https:\/\/mycapil.com\/fr\/meilleures-cliniques-greffes-de-cheveux-monde\/\">Les meilleures cliniques des greffes de cheveux du Monde<\/a><br \/>\n                        <\/h3>\n<p>                        <a href=\"https:\/\/mycapil.com\/fr\/meilleures-cliniques-greffes-de-cheveux-monde\/\" > 1 f\u00e9vrier 2021<\/a><br \/>\n                <\/article>\n<style scoped>.jnews_module__11_6169a69e88ad1 .jeg_post_meta, .jnews_module__11_6169a69e88ad1 .jeg_post_meta .fa, .jnews_module__11_6169a69e88ad1.jeg_postblock .jeg_subcat_list > li > a:hover, .jnews_module__11_6169a69e88ad1 .jeg_pl_md_card .jeg_post_category a, .jnews_module__11_6169a69e88ad1.jeg_postblock .jeg_subcat_list > li > a.current { color: #B9B9B9 }<\/style>\n<h3>Tendance actuelle<\/h3>\n<article>\n                        <a href=\"https:\/\/mycapil.com\/wp-admin\/post.php?post=569&amp;action=edit&amp;lang=fr\" target=\"_blank\" rel=\"noopener\"><br \/>\n                        edit post<br \/>\n                    <\/a><br \/>\n                        <a href=\"https:\/\/mycapil.com\/fr\/les-chiffres-de-lalopecie-en-espagne-et-dans-les-principaux-pays-europeens-royaume-uni-italie-france-allemagne\/\"><img decoding=\"async\" width=\"120\" height=\"80\" src=\"https:\/\/mycapil.com\/wp-content\/themes\/jnews\/assets\/img\/jeg-empty.png\" alt=\"Alopecia en espa\u00f1a\" loading=\"lazy\" sizes=\"auto, (max-width: 120px) 100vw, 120px\" data-src=\"https:\/\/mycapil.com\/wp-content\/uploads\/2020\/02\/alopecia-espana-compressor.jpg\" data-srcset=\"https:\/\/mycapil.com\/wp-content\/uploads\/2020\/02\/alopecia-espana-compressor.jpg 626w, https:\/\/mycapil.com\/wp-content\/uploads\/2020\/02\/alopecia-espana-compressor-300x200.jpg 300w\" data-sizes=\"auto\" data-expand=\"700\" data-animate=\"0\" \/><\/a><br \/>\n                            <a href=\"https:\/\/mycapil.com\/fr\/category\/generique\/\">G\u00e9n\u00e9rique<\/a><\/p>\n<h3>\n                            <a href=\"https:\/\/mycapil.com\/fr\/les-chiffres-de-lalopecie-en-espagne-et-dans-les-principaux-pays-europeens-royaume-uni-italie-france-allemagne\/\">Les chiffres de l&#8217;alop\u00e9cie en Espagne et dans les principaux pays europ\u00e9ens : Royaume-Uni, Italie, France, Allemagne<\/a><br \/>\n                        <\/h3>\n<p>                        <a href=\"https:\/\/mycapil.com\/fr\/les-chiffres-de-lalopecie-en-espagne-et-dans-les-principaux-pays-europeens-royaume-uni-italie-france-allemagne\/\" > 27 f\u00e9vrier 2020<\/a><br \/>\n                <\/article>\n<article>\n                        <a href=\"https:\/\/mycapil.com\/wp-admin\/post.php?post=1906&amp;action=edit&amp;lang=fr\" target=\"_blank\" rel=\"noopener\"><br \/>\n                        edit post<br \/>\n                    <\/a><br \/>\n                        <a href=\"https:\/\/mycapil.com\/fr\/alopecie-prematuree\/\"><img decoding=\"async\" width=\"120\" height=\"60\" src=\"https:\/\/mycapil.com\/wp-content\/themes\/jnews\/assets\/img\/jeg-empty.png\" alt=\"alopecia prematura\" loading=\"lazy\" sizes=\"auto, (max-width: 120px) 100vw, 120px\" data-src=\"https:\/\/mycapil.com\/wp-content\/uploads\/2020\/03\/alopecia-prematura.jpg\" data-srcset=\"https:\/\/mycapil.com\/wp-content\/uploads\/2020\/03\/alopecia-prematura.jpg 700w, https:\/\/mycapil.com\/wp-content\/uploads\/2020\/03\/alopecia-prematura-300x150.jpg 300w\" data-sizes=\"auto\" data-expand=\"700\" data-animate=\"0\" \/><\/a><br \/>\n                            <a href=\"https:\/\/mycapil.com\/fr\/category\/alopecie-feminine\/\">Alop\u00e9cie f\u00e9minine<\/a><\/p>\n<h3>\n                            <a href=\"https:\/\/mycapil.com\/fr\/alopecie-prematuree\/\">Alop\u00e9cie \u00e0 20 ans<\/a><br \/>\n                        <\/h3>\n<p>                        <a href=\"https:\/\/mycapil.com\/fr\/alopecie-prematuree\/\" > 4 avril 2020<\/a><br \/>\n                <\/article>\n<article>\n                        <a href=\"https:\/\/mycapil.com\/wp-admin\/post.php?post=2489&amp;action=edit&amp;lang=fr&#038;update_needed=1&#038;trid=325&#038;language_code=fr\" target=\"_blank\" rel=\"noopener\"><br \/>\n                        edit post<br \/>\n                    <\/a><br \/>\n                        <a href=\"https:\/\/mycapil.com\/fr\/capilclinic-avis\/\"><img decoding=\"async\" width=\"120\" height=\"61\" src=\"https:\/\/mycapil.com\/wp-content\/themes\/jnews\/assets\/img\/jeg-empty.png\" alt=\"capilclinic\" loading=\"lazy\" sizes=\"auto, (max-width: 120px) 100vw, 120px\" data-src=\"https:\/\/mycapil.com\/wp-content\/uploads\/2021\/02\/capilclinic.jpg\" data-srcset=\"https:\/\/mycapil.com\/wp-content\/uploads\/2021\/02\/capilclinic.jpg 1024w, https:\/\/mycapil.com\/wp-content\/uploads\/2021\/02\/capilclinic-300x153.jpg 300w, https:\/\/mycapil.com\/wp-content\/uploads\/2021\/02\/capilclinic-768x391.jpg 768w, https:\/\/mycapil.com\/wp-content\/uploads\/2021\/02\/capilclinic-555x282.jpg 555w, https:\/\/mycapil.com\/wp-content\/uploads\/2021\/02\/capilclinic-360x183.jpg 360w, https:\/\/mycapil.com\/wp-content\/uploads\/2021\/02\/capilclinic-262x133.jpg 262w\" data-sizes=\"auto\" data-expand=\"700\" data-animate=\"0\" \/><\/a><br \/>\n                            <a href=\"https:\/\/mycapil.com\/fr\/category\/greffe-de-cheveux\/\">Greffe de cheveux<\/a><\/p>\n<h3>\n                            <a href=\"https:\/\/mycapil.com\/fr\/capilclinic-avis\/\">Capilclinic avis: la greffe de cheveux est-elle vraiment efficace?<\/a><br \/>\n                        <\/h3>\n<p>                        <a href=\"https:\/\/mycapil.com\/fr\/capilclinic-avis\/\" > 11 f\u00e9vrier 2021<\/a><br \/>\n                <\/article>\n<article>\n                        <a href=\"https:\/\/mycapil.com\/wp-admin\/post.php?post=2505&amp;action=edit&amp;lang=fr\" target=\"_blank\" rel=\"noopener\"><br \/>\n                        edit post<br \/>\n                    <\/a><br \/>\n                        <a href=\"https:\/\/mycapil.com\/fr\/evolution-greffe-de-cheveux-jour-apres-jour\/\"><img decoding=\"async\" width=\"120\" height=\"80\" src=\"https:\/\/mycapil.com\/wp-content\/themes\/jnews\/assets\/img\/jeg-empty.png\" alt=\"Evolution greffe de cheveux\" loading=\"lazy\" sizes=\"auto, (max-width: 120px) 100vw, 120px\" data-src=\"https:\/\/mycapil.com\/wp-content\/uploads\/2021\/02\/evolution-greffe-cheveux.jpg\" data-srcset=\"https:\/\/mycapil.com\/wp-content\/uploads\/2021\/02\/evolution-greffe-cheveux.jpg 600w, https:\/\/mycapil.com\/wp-content\/uploads\/2021\/02\/evolution-greffe-cheveux-300x200.jpg 300w, https:\/\/mycapil.com\/wp-content\/uploads\/2021\/02\/evolution-greffe-cheveux-555x370.jpg 555w, https:\/\/mycapil.com\/wp-content\/uploads\/2021\/02\/evolution-greffe-cheveux-360x240.jpg 360w, https:\/\/mycapil.com\/wp-content\/uploads\/2021\/02\/evolution-greffe-cheveux-262x175.jpg 262w\" data-sizes=\"auto\" data-expand=\"700\" data-animate=\"0\" \/><\/a><br \/>\n                            <a href=\"https:\/\/mycapil.com\/fr\/category\/greffe-de-cheveux\/\">Greffe de cheveux<\/a><\/p>\n<h3>\n                            <a href=\"https:\/\/mycapil.com\/fr\/evolution-greffe-de-cheveux-jour-apres-jour\/\">\u00c9volution de la greffe de cheveux jour apr\u00e8s jour<\/a><br \/>\n                        <\/h3>\n<p>                        <a href=\"https:\/\/mycapil.com\/fr\/evolution-greffe-de-cheveux-jour-apres-jour\/\" > 12 f\u00e9vrier 2021<\/a><br \/>\n                <\/article>\n<style scoped>.jnews_module__12_6169a69e9ab26 .jeg_post_meta, .jnews_module__12_6169a69e9ab26 .jeg_post_meta .fa, .jnews_module__12_6169a69e9ab26.jeg_postblock .jeg_subcat_list > li > a:hover, .jnews_module__12_6169a69e9ab26 .jeg_pl_md_card .jeg_post_category a, .jnews_module__12_6169a69e9ab26.jeg_postblock .jeg_subcat_list > li > a.current { color: #B9B9B9 }<\/style>\n<p>                <i>&nbsp;<\/i> POPULAIRE<br \/>\n                    <a href=\"https:\/\/mycapil.com\/fr\/evolution-greffe-de-cheveux-jour-apres-jour\/\" >\u00c9volution de la greffe de cheveux jour apr\u00e8s jour<\/a><br \/>\n                    12 f\u00e9vrier 2021<br \/>\n                    <a href=\"https:\/\/mycapil.com\/fr\/meilleurs-medecins-greffe-de-cheveux-paris\/\" >Top 3 des meilleurs m\u00e9decins en greffe de cheveux \u00e0 Paris<\/a><br \/>\n                    11 f\u00e9vrier 2021<br \/>\n                    <a href=\"https:\/\/mycapil.com\/fr\/capilclinic-avis\/\" >Capilclinic avis: la greffe de cheveux est-elle vraiment efficace?<\/a><br \/>\n                    11 f\u00e9vrier 2021<br \/>\n                    <a href=\"https:\/\/mycapil.com\/fr\/meilleures-cliniques-greffe-de-cheveux-france\/\" >Les meilleures cliniques pour r\u00e9aliser des greffes de cheveux en France<\/a><br \/>\n                    2 f\u00e9vrier 2021<br \/>\n                    <a href=\"https:\/\/mycapil.com\/fr\/meilleures-cliniques-greffes-de-cheveux-monde\/\" >Les meilleures cliniques des greffes de cheveux du Monde<\/a><br \/>\n                    1 f\u00e9vrier 2021<br \/>\n                        Next<br \/>\n                        Prev<br \/>\n                <strong>Optimal Column<\/strong> This module works best for column <strong>6, 7, 8, 9, 10, 11, 12<\/strong> ( current column width <strong>4<\/strong> ). This warning will only show if you login as Admin.<\/p>\n<h3>Derniers articles<\/h3>\n<article>\n                        <a href=\"https:\/\/mycapil.com\/wp-admin\/post.php?post=1902&amp;action=edit&amp;lang=fr\" target=\"_blank\" rel=\"noopener\"><br \/>\n                        edit post<br \/>\n                    <\/a><br \/>\n                        <a href=\"https:\/\/mycapil.com\/fr\/alopecie-stress\/\"><img decoding=\"async\" width=\"120\" height=\"80\" src=\"https:\/\/mycapil.com\/wp-content\/themes\/jnews\/assets\/img\/jeg-empty.png\" alt=\"alopecia por estr\u00e9s\" loading=\"lazy\" sizes=\"auto, (max-width: 120px) 100vw, 120px\" data-src=\"https:\/\/mycapil.com\/wp-content\/uploads\/2020\/03\/alopecia-estres.jpg\" data-srcset=\"https:\/\/mycapil.com\/wp-content\/uploads\/2020\/03\/alopecia-estres.jpg 775w, https:\/\/mycapil.com\/wp-content\/uploads\/2020\/03\/alopecia-estres-300x200.jpg 300w, https:\/\/mycapil.com\/wp-content\/uploads\/2020\/03\/alopecia-estres-768x512.jpg 768w\" data-sizes=\"auto\" data-expand=\"700\" data-animate=\"0\" \/><\/a><\/p>\n<h3>\n                            <a href=\"https:\/\/mycapil.com\/fr\/alopecie-stress\/\">Qu&#8217;est-ce que l&#8217;alop\u00e9cie de stress<\/a><br \/>\n                        <\/h3>\n<p>                        by <a href=\"https:\/\/mycapil.com\/fr\/author\/mycapilc\/\">MyCapil<\/a><a href=\"https:\/\/mycapil.com\/fr\/alopecie-stress\/\"> 13 juin 2021<\/a><a href=\"https:\/\/mycapil.com\/fr\/alopecie-stress\/#respond\" > 0 <\/a><\/p>\n<p>C&#8217;est la perte de cheveux \u00e0 un \u00e2ge pr\u00e9coce et cela peut se produire en raison du stress ou de&#8230;<\/p>\n<\/article>\n<article>\n                        <a href=\"https:\/\/mycapil.com\/wp-admin\/post.php?post=2225&amp;action=edit&amp;lang=fr\" target=\"_blank\" rel=\"noopener\"><br \/>\n                        edit post<br \/>\n                    <\/a><br \/>\n                        <a href=\"https:\/\/mycapil.com\/fr\/greffe-de-cheveux-turquie\/\"><img decoding=\"async\" width=\"120\" height=\"75\" src=\"https:\/\/mycapil.com\/wp-content\/themes\/jnews\/assets\/img\/jeg-empty.png\" alt=\"Greffe de cheveux Turquie\" loading=\"lazy\" sizes=\"auto, (max-width: 120px) 100vw, 120px\" data-src=\"https:\/\/mycapil.com\/wp-content\/uploads\/2021\/01\/greffe-de-cheveux.jpg\" data-srcset=\"https:\/\/mycapil.com\/wp-content\/uploads\/2021\/01\/greffe-de-cheveux.jpg 600w, https:\/\/mycapil.com\/wp-content\/uploads\/2021\/01\/greffe-de-cheveux-300x187.jpg 300w, https:\/\/mycapil.com\/wp-content\/uploads\/2021\/01\/greffe-de-cheveux-555x345.jpg 555w, https:\/\/mycapil.com\/wp-content\/uploads\/2021\/01\/greffe-de-cheveux-360x224.jpg 360w, https:\/\/mycapil.com\/wp-content\/uploads\/2021\/01\/greffe-de-cheveux-262x163.jpg 262w\" data-sizes=\"auto\" data-expand=\"700\" data-animate=\"0\" \/><\/a><\/p>\n<h3>\n                            <a href=\"https:\/\/mycapil.com\/fr\/greffe-de-cheveux-turquie\/\">Meilleures cliniques de greffe de cheveux en Turquie<\/a><br \/>\n                        <\/h3>\n<p>                        by <a href=\"https:\/\/mycapil.com\/fr\/author\/mycapilc\/\">MyCapil<\/a><a href=\"https:\/\/mycapil.com\/fr\/greffe-de-cheveux-turquie\/\"> 5 mai 2021<\/a><a href=\"https:\/\/mycapil.com\/fr\/greffe-de-cheveux-turquie\/#respond\" > 0 <\/a><\/p>\n<p>Les raisons pour lesquelles ils choisissent la Turquie pour faire une greffe de cheveux sont multiples: Une large quantit\u00e9 d\u2019offres,&#8230;<\/p>\n<\/article>\n<article>\n                        <a href=\"https:\/\/mycapil.com\/wp-admin\/post.php?post=2505&amp;action=edit&amp;lang=fr\" target=\"_blank\" rel=\"noopener\"><br \/>\n                        edit post<br \/>\n                    <\/a><br \/>\n                        <a href=\"https:\/\/mycapil.com\/fr\/evolution-greffe-de-cheveux-jour-apres-jour\/\"><img decoding=\"async\" width=\"120\" height=\"80\" src=\"https:\/\/mycapil.com\/wp-content\/themes\/jnews\/assets\/img\/jeg-empty.png\" alt=\"Evolution greffe de cheveux\" loading=\"lazy\" sizes=\"auto, (max-width: 120px) 100vw, 120px\" data-src=\"https:\/\/mycapil.com\/wp-content\/uploads\/2021\/02\/evolution-greffe-cheveux.jpg\" data-srcset=\"https:\/\/mycapil.com\/wp-content\/uploads\/2021\/02\/evolution-greffe-cheveux.jpg 600w, https:\/\/mycapil.com\/wp-content\/uploads\/2021\/02\/evolution-greffe-cheveux-300x200.jpg 300w, https:\/\/mycapil.com\/wp-content\/uploads\/2021\/02\/evolution-greffe-cheveux-555x370.jpg 555w, https:\/\/mycapil.com\/wp-content\/uploads\/2021\/02\/evolution-greffe-cheveux-360x240.jpg 360w, https:\/\/mycapil.com\/wp-content\/uploads\/2021\/02\/evolution-greffe-cheveux-262x175.jpg 262w\" data-sizes=\"auto\" data-expand=\"700\" data-animate=\"0\" \/><\/a><\/p>\n<h3>\n                            <a href=\"https:\/\/mycapil.com\/fr\/evolution-greffe-de-cheveux-jour-apres-jour\/\">\u00c9volution de la greffe de cheveux jour apr\u00e8s jour<\/a><br \/>\n                        <\/h3>\n<p>                        by <a href=\"https:\/\/mycapil.com\/fr\/author\/mycapilc\/\">MyCapil<\/a><a href=\"https:\/\/mycapil.com\/fr\/evolution-greffe-de-cheveux-jour-apres-jour\/\"> 12 f\u00e9vrier 2021<\/a><a href=\"https:\/\/mycapil.com\/fr\/evolution-greffe-de-cheveux-jour-apres-jour\/#respond\" > 0 <\/a><\/p>\n<p>Apr\u00e8s une chirurgie de greffes de cheveux, il est normal de se poser des questions\u00a0: est-ce que j\u2019aurai mal apr\u00e8s&#8230;<\/p>\n<\/article>\n<style scoped>.jnews_module__14_6169a69e9f500 .jeg_post_meta, .jnews_module__14_6169a69e9f500 .jeg_post_meta .fa, .jnews_module__14_6169a69e9f500.jeg_postblock .jeg_subcat_list > li > a:hover, .jnews_module__14_6169a69e9f500 .jeg_pl_md_card .jeg_post_category a, .jnews_module__14_6169a69e9f500.jeg_postblock .jeg_subcat_list > li > a.current { color: #A7A7A7 }<\/style>\n","protected":false},"excerpt":{"rendered":"<p>edit post Greffe de cheveux \u00c9volution de la greffe de cheveux jour apr\u00e8s jour by MyCapil 12 f\u00e9vrier 2021 Optimal Column This module works best for column 12 ( current column width 4 ). This warning will only show if you login as Admin. Les meilleurs articles edit post Les meilleures cliniques pour r\u00e9aliser des [&hellip;]<\/p>\n","protected":false},"author":2,"featured_media":0,"parent":0,"menu_order":0,"comment_status":"closed","ping_status":"closed","template":"","meta":{"footnotes":""},"class_list":["post-3512","page","type-page","status-publish"],"yoast_head":"<!-- This site is optimized with the Yoast SEO plugin v25.9 - https:\/\/yoast.com\/wordpress\/plugins\/seo\/ -->\n<title>Blog cheveux | Secrets, traitements et plus | MyCapil<\/title>\n<meta name=\"description\" content=\"Dans ce blog, nous allons nous immerger dans le monde des cheveux et des traitements capillaires. Conseils, secrets de beaut\u00e9 et bien d&#039;autres. S&#039;abonner\" \/>\n<meta name=\"robots\" content=\"index, follow, max-snippet:-1, max-image-preview:large, max-video-preview:-1\" \/>\n<link rel=\"canonical\" href=\"https:\/\/mycapil.com\/fr\/accueil\/\" \/>\n<meta property=\"og:locale\" content=\"fr_FR\" \/>\n<meta property=\"og:type\" content=\"article\" \/>\n<meta property=\"og:title\" content=\"Blog cheveux | Secrets, traitements et plus | MyCapil\" \/>\n<meta property=\"og:description\" content=\"Dans ce blog, nous allons nous immerger dans le monde des cheveux et des traitements capillaires. Conseils, secrets de beaut\u00e9 et bien d&#039;autres. S&#039;abonner\" \/>\n<meta property=\"og:url\" content=\"https:\/\/mycapil.com\/fr\/accueil\/\" \/>\n<meta property=\"og:site_name\" content=\"MyCapil\" \/>\n<meta property=\"article:modified_time\" content=\"2021-10-15T16:04:46+00:00\" \/>\n<meta property=\"og:image\" content=\"https:\/\/mycapil.com\/wp-content\/themes\/jnews\/assets\/img\/jeg-empty.png\" \/>\n<meta name=\"twitter:card\" content=\"summary_large_image\" \/>\n<meta name=\"twitter:label1\" content=\"Est. reading time\" \/>\n\t<meta name=\"twitter:data1\" content=\"5 minutes\" \/>\n<script type=\"application\/ld+json\" class=\"yoast-schema-graph\">{\"@context\":\"https:\/\/schema.org\",\"@graph\":[{\"@type\":\"WebPage\",\"@id\":\"https:\/\/mycapil.com\/fr\/accueil\/\",\"url\":\"https:\/\/mycapil.com\/fr\/accueil\/\",\"name\":\"Blog cheveux | Secrets, traitements et plus | MyCapil\",\"isPartOf\":{\"@id\":\"https:\/\/mycapil.com\/fr\/#website\"},\"primaryImageOfPage\":{\"@id\":\"https:\/\/mycapil.com\/fr\/accueil\/#primaryimage\"},\"image\":{\"@id\":\"https:\/\/mycapil.com\/fr\/accueil\/#primaryimage\"},\"thumbnailUrl\":\"https:\/\/mycapil.com\/wp-content\/themes\/jnews\/assets\/img\/jeg-empty.png\",\"datePublished\":\"2021-07-14T08:46:15+00:00\",\"dateModified\":\"2021-10-15T16:04:46+00:00\",\"description\":\"Dans ce blog, nous allons nous immerger dans le monde des cheveux et des traitements capillaires. Conseils, secrets de beaut\u00e9 et bien d'autres. S'abonner\",\"breadcrumb\":{\"@id\":\"https:\/\/mycapil.com\/fr\/accueil\/#breadcrumb\"},\"inLanguage\":\"fr\",\"potentialAction\":[{\"@type\":\"ReadAction\",\"target\":[\"https:\/\/mycapil.com\/fr\/accueil\/\"]}]},{\"@type\":\"ImageObject\",\"inLanguage\":\"fr\",\"@id\":\"https:\/\/mycapil.com\/fr\/accueil\/#primaryimage\",\"url\":\"https:\/\/mycapil.com\/wp-content\/themes\/jnews\/assets\/img\/jeg-empty.png\",\"contentUrl\":\"https:\/\/mycapil.com\/wp-content\/themes\/jnews\/assets\/img\/jeg-empty.png\"},{\"@type\":\"BreadcrumbList\",\"@id\":\"https:\/\/mycapil.com\/fr\/accueil\/#breadcrumb\",\"itemListElement\":[{\"@type\":\"ListItem\",\"position\":1,\"name\":\"Accueil\",\"item\":\"https:\/\/mycapil.com\/fr\/\"},{\"@type\":\"ListItem\",\"position\":2,\"name\":\"Accueil\"}]},{\"@type\":\"WebSite\",\"@id\":\"https:\/\/mycapil.com\/fr\/#website\",\"url\":\"https:\/\/mycapil.com\/fr\/\",\"name\":\"MyCapil\",\"description\":\"Alop\u00e9cie, Chute de cheveux, capillaire\",\"publisher\":{\"@id\":\"https:\/\/mycapil.com\/fr\/#organization\"},\"potentialAction\":[{\"@type\":\"SearchAction\",\"target\":{\"@type\":\"EntryPoint\",\"urlTemplate\":\"https:\/\/mycapil.com\/fr\/?s={search_term_string}\"},\"query-input\":{\"@type\":\"PropertyValueSpecification\",\"valueRequired\":true,\"valueName\":\"search_term_string\"}}],\"inLanguage\":\"fr\"},{\"@type\":\"Organization\",\"@id\":\"https:\/\/mycapil.com\/fr\/#organization\",\"name\":\"MyCapil\",\"url\":\"https:\/\/mycapil.com\/fr\/\",\"logo\":{\"@type\":\"ImageObject\",\"inLanguage\":\"fr\",\"@id\":\"https:\/\/mycapil.com\/fr\/#\/schema\/logo\/image\/\",\"url\":\"https:\/\/mycapil.com\/wp-content\/uploads\/2020\/02\/Mycapil3.png\",\"contentUrl\":\"https:\/\/mycapil.com\/wp-content\/uploads\/2020\/02\/Mycapil3.png\",\"width\":339,\"height\":113,\"caption\":\"MyCapil\"},\"image\":{\"@id\":\"https:\/\/mycapil.com\/fr\/#\/schema\/logo\/image\/\"}}]}<\/script>\n<!-- \/ Yoast SEO plugin. -->","yoast_head_json":{"title":"Blog cheveux | Secrets, traitements et plus | MyCapil","description":"Dans ce blog, nous allons nous immerger dans le monde des cheveux et des traitements capillaires. Conseils, secrets de beaut\u00e9 et bien d'autres. S'abonner","robots":{"index":"index","follow":"follow","max-snippet":"max-snippet:-1","max-image-preview":"max-image-preview:large","max-video-preview":"max-video-preview:-1"},"canonical":"https:\/\/mycapil.com\/fr\/accueil\/","og_locale":"fr_FR","og_type":"article","og_title":"Blog cheveux | Secrets, traitements et plus | MyCapil","og_description":"Dans ce blog, nous allons nous immerger dans le monde des cheveux et des traitements capillaires. Conseils, secrets de beaut\u00e9 et bien d'autres. S'abonner","og_url":"https:\/\/mycapil.com\/fr\/accueil\/","og_site_name":"MyCapil","article_modified_time":"2021-10-15T16:04:46+00:00","og_image":[{"url":"https:\/\/mycapil.com\/wp-content\/themes\/jnews\/assets\/img\/jeg-empty.png","type":"","width":"","height":""}],"twitter_card":"summary_large_image","twitter_misc":{"Est. reading time":"5 minutes"},"schema":{"@context":"https:\/\/schema.org","@graph":[{"@type":"WebPage","@id":"https:\/\/mycapil.com\/fr\/accueil\/","url":"https:\/\/mycapil.com\/fr\/accueil\/","name":"Blog cheveux | Secrets, traitements et plus | MyCapil","isPartOf":{"@id":"https:\/\/mycapil.com\/fr\/#website"},"primaryImageOfPage":{"@id":"https:\/\/mycapil.com\/fr\/accueil\/#primaryimage"},"image":{"@id":"https:\/\/mycapil.com\/fr\/accueil\/#primaryimage"},"thumbnailUrl":"https:\/\/mycapil.com\/wp-content\/themes\/jnews\/assets\/img\/jeg-empty.png","datePublished":"2021-07-14T08:46:15+00:00","dateModified":"2021-10-15T16:04:46+00:00","description":"Dans ce blog, nous allons nous immerger dans le monde des cheveux et des traitements capillaires. Conseils, secrets de beaut\u00e9 et bien d'autres. S'abonner","breadcrumb":{"@id":"https:\/\/mycapil.com\/fr\/accueil\/#breadcrumb"},"inLanguage":"fr","potentialAction":[{"@type":"ReadAction","target":["https:\/\/mycapil.com\/fr\/accueil\/"]}]},{"@type":"ImageObject","inLanguage":"fr","@id":"https:\/\/mycapil.com\/fr\/accueil\/#primaryimage","url":"https:\/\/mycapil.com\/wp-content\/themes\/jnews\/assets\/img\/jeg-empty.png","contentUrl":"https:\/\/mycapil.com\/wp-content\/themes\/jnews\/assets\/img\/jeg-empty.png"},{"@type":"BreadcrumbList","@id":"https:\/\/mycapil.com\/fr\/accueil\/#breadcrumb","itemListElement":[{"@type":"ListItem","position":1,"name":"Accueil","item":"https:\/\/mycapil.com\/fr\/"},{"@type":"ListItem","position":2,"name":"Accueil"}]},{"@type":"WebSite","@id":"https:\/\/mycapil.com\/fr\/#website","url":"https:\/\/mycapil.com\/fr\/","name":"MyCapil","description":"Alop\u00e9cie, Chute de cheveux, capillaire","publisher":{"@id":"https:\/\/mycapil.com\/fr\/#organization"},"potentialAction":[{"@type":"SearchAction","target":{"@type":"EntryPoint","urlTemplate":"https:\/\/mycapil.com\/fr\/?s={search_term_string}"},"query-input":{"@type":"PropertyValueSpecification","valueRequired":true,"valueName":"search_term_string"}}],"inLanguage":"fr"},{"@type":"Organization","@id":"https:\/\/mycapil.com\/fr\/#organization","name":"MyCapil","url":"https:\/\/mycapil.com\/fr\/","logo":{"@type":"ImageObject","inLanguage":"fr","@id":"https:\/\/mycapil.com\/fr\/#\/schema\/logo\/image\/","url":"https:\/\/mycapil.com\/wp-content\/uploads\/2020\/02\/Mycapil3.png","contentUrl":"https:\/\/mycapil.com\/wp-content\/uploads\/2020\/02\/Mycapil3.png","width":339,"height":113,"caption":"MyCapil"},"image":{"@id":"https:\/\/mycapil.com\/fr\/#\/schema\/logo\/image\/"}}]}},"_links":{"self":[{"href":"https:\/\/mycapil.com\/fr\/wp-json\/wp\/v2\/pages\/3512","targetHints":{"allow":["GET"]}}],"collection":[{"href":"https:\/\/mycapil.com\/fr\/wp-json\/wp\/v2\/pages"}],"about":[{"href":"https:\/\/mycapil.com\/fr\/wp-json\/wp\/v2\/types\/page"}],"author":[{"embeddable":true,"href":"https:\/\/mycapil.com\/fr\/wp-json\/wp\/v2\/users\/2"}],"replies":[{"embeddable":true,"href":"https:\/\/mycapil.com\/fr\/wp-json\/wp\/v2\/comments?post=3512"}],"version-history":[{"count":29,"href":"https:\/\/mycapil.com\/fr\/wp-json\/wp\/v2\/pages\/3512\/revisions"}],"predecessor-version":[{"id":4671,"href":"https:\/\/mycapil.com\/fr\/wp-json\/wp\/v2\/pages\/3512\/revisions\/4671"}],"wp:attachment":[{"href":"https:\/\/mycapil.com\/fr\/wp-json\/wp\/v2\/media?parent=3512"}],"curies":[{"name":"wp","href":"https:\/\/api.w.org\/{rel}","templated":true}]}}