{"id":1543,"date":"2020-03-18T11:16:30","date_gmt":"2020-03-18T15:16:30","guid":{"rendered":"https:\/\/mycapil.com\/?page_id=1543"},"modified":"2021-07-15T08:52:26","modified_gmt":"2021-07-15T12:52:26","slug":"nossos-artigos","status":"publish","type":"page","link":"https:\/\/mycapil.com\/pt-br\/nossos-artigos\/","title":{"rendered":"Nossos artigos"},"content":{"rendered":"<p><img decoding=\"async\" width=\"600\" height=\"400\" src=\"https:\/\/nuevaweb.mycapil.com\/wp-content\/uploads\/2021\/06\/injerto-capilar-galicia.jpg\" alt=\"Mejores cl\u00ednicas capilares Galicia\" loading=\"lazy\" \/><br \/>\n\t\t\t\t\t\t\t\t<a href=\"https:\/\/nuevaweb.mycapil.com\/injerto-capilar-galicia\/\" target=\"_blank\" rel=\"noopener\"><\/a><\/p>\n<h3>\n\t\t\t<a href=\"https:\/\/nuevaweb.mycapil.com\/injerto-capilar-galicia\/\" target=\"_blank\" rel=\"noopener\"><br \/>\n\t\t\t\tLas 3 mejores cl\u00ednicas de injerto capilar en Galicia\t\t\t<\/a><br \/>\n\t\t<\/h3>\n<p>La calvicie es un problema al que muchos hombres e incluso mujeres se enfrentan. Pero afortunadamente ya no es una afecci\u00f3n dif\u00edcil<\/p>\n<p><a href=\"https:\/\/nuevaweb.mycapil.com\/injerto-capilar-galicia\/\" target=\"_blank\" rel=\"noopener\">ler mais \u00bb<\/a><br \/>\n\t\t\t\t\t\t\t<img decoding=\"async\" width=\"600\" height=\"400\" src=\"https:\/\/nuevaweb.mycapil.com\/wp-content\/uploads\/2021\/06\/injerto-capilar-zaragoza.jpg\" alt=\"Las mejores cl\u00ednicas de injerto capilar en Zaragoza\" loading=\"lazy\" \/><br \/>\n\t\t\t\t\t\t\t\t<a href=\"https:\/\/nuevaweb.mycapil.com\/injerto-capilar-zaragoza\/\" target=\"_blank\" rel=\"noopener\"><\/a><\/p>\n<h3>\n\t\t\t<a href=\"https:\/\/nuevaweb.mycapil.com\/injerto-capilar-zaragoza\/\" target=\"_blank\" rel=\"noopener\"><br \/>\n\t\t\t\tLas 3 mejores cl\u00ednicas de injerto capilar en Zaragoza\t\t\t<\/a><br \/>\n\t\t<\/h3>\n<p>Gracias a la avanzadas t\u00e9cnicas realizadas en las mejores cl\u00ednicas de injerto capilar en Zaragoza. Abandonar la calvicie es posible. La alopecia<\/p>\n<p><a href=\"https:\/\/nuevaweb.mycapil.com\/injerto-capilar-zaragoza\/\" target=\"_blank\" rel=\"noopener\">ler mais \u00bb<\/a><br \/>\n\t\t\t\t\t\t\t<img decoding=\"async\" width=\"460\" height=\"391\" src=\"https:\/\/nuevaweb.mycapil.com\/wp-content\/uploads\/2021\/05\/RamonFlorezBassany.jpg\" alt=\"Doctor Ram\u00f3n Fl\u00f3rez Basany\" loading=\"lazy\" \/><br \/>\n\t\t\t\t\t\t\t\t<a href=\"https:\/\/nuevaweb.mycapil.com\/doctor-ramon-florez-basany\/\" target=\"_blank\" rel=\"noopener\"><\/a><\/p>\n<h3>\n\t\t\t<a href=\"https:\/\/nuevaweb.mycapil.com\/doctor-ramon-florez-basany\/\" target=\"_blank\" rel=\"noopener\"><br \/>\n\t\t\t\tDoctor Ram\u00f3n Fl\u00f3rez Basany\t\t\t<\/a><br \/>\n\t\t<\/h3>\n<p>Al decidir someterse a un injerto capilar, lo primordial es escoger a un cirujano adecuado. Por ello es importante conocer la preparaci\u00f3n<\/p>\n<p><a href=\"https:\/\/nuevaweb.mycapil.com\/doctor-ramon-florez-basany\/\" target=\"_blank\" rel=\"noopener\">ler mais \u00bb<\/a><br \/>\n\t\t\t\t\t\t\t<img decoding=\"async\" width=\"600\" height=\"399\" src=\"https:\/\/nuevaweb.mycapil.com\/wp-content\/uploads\/2021\/05\/anestesia-injerto-capilar.jpg\" alt=\"La anestesia en el injerto capilar\" loading=\"lazy\" \/><br \/>\n\t\t\t\t\t\t\t\t<a href=\"https:\/\/nuevaweb.mycapil.com\/anestesia-injerto-capilar\/\" target=\"_blank\" rel=\"noopener\"><\/a><\/p>\n<h3>\n\t\t\t<a href=\"https:\/\/nuevaweb.mycapil.com\/anestesia-injerto-capilar\/\" target=\"_blank\" rel=\"noopener\"><br \/>\n\t\t\t\tLa anestesia en el injerto capilar\t\t\t<\/a><br \/>\n\t\t<\/h3>\n<p>La anestesia en el injerto capilar es el primer paso a realizar cuando un paciente se someter\u00e1 a dicha cirug\u00eda. Gracias a<\/p>\n<p><a href=\"https:\/\/nuevaweb.mycapil.com\/anestesia-injerto-capilar\/\" target=\"_blank\" rel=\"noopener\">ler mais \u00bb<\/a><br \/>\n\t\t\t\t\t\t\t<img decoding=\"async\" width=\"600\" height=\"400\" src=\"https:\/\/nuevaweb.mycapil.com\/wp-content\/uploads\/2021\/05\/injerto-capilar-coronilla.jpg\" alt=\"El injerto capilar en la coronilla\" loading=\"lazy\" \/><br \/>\n\t\t\t\t\t\t\t\t<a href=\"https:\/\/nuevaweb.mycapil.com\/injerto-capilar-coronilla\/\" target=\"_blank\" rel=\"noopener\"><\/a><\/p>\n<h3>\n\t\t\t<a href=\"https:\/\/nuevaweb.mycapil.com\/injerto-capilar-coronilla\/\" target=\"_blank\" rel=\"noopener\"><br \/>\n\t\t\t\tLas 3 mejores cl\u00ednicas de injerto capilar en la coronilla\t\t\t<\/a><br \/>\n\t\t<\/h3>\n<p>La alopecia es un inconveniente que pueden experimentar hombres y mujeres en cualquier etapa de sus vidas. Esta aparece por motivos muy<\/p>\n<p><a href=\"https:\/\/nuevaweb.mycapil.com\/injerto-capilar-coronilla\/\" target=\"_blank\" rel=\"noopener\">ler mais \u00bb<\/a><br \/>\n\t\t\t\t\t\t\t<img decoding=\"async\" width=\"600\" height=\"400\" src=\"https:\/\/nuevaweb.mycapil.com\/wp-content\/uploads\/2021\/05\/precio-injerto-capilar-barcelona.jpg\" alt=\"El precio del injerto capilar en Barcelona\" loading=\"lazy\" \/><br \/>\n\t\t\t\t\t\t\t\t<a href=\"https:\/\/nuevaweb.mycapil.com\/precio-injerto-capilar-barcelona\/\" target=\"_blank\" rel=\"noopener\"><\/a><\/p>\n<h3>\n\t\t\t<a href=\"https:\/\/nuevaweb.mycapil.com\/precio-injerto-capilar-barcelona\/\" target=\"_blank\" rel=\"noopener\"><br \/>\n\t\t\t\t\u00bfCu\u00e1l es el precio de un injerto capilar en Barcelona?\t\t\t<\/a><br \/>\n\t\t<\/h3>\n<p>La calvicie es un problema al que se enfrenta un gran n\u00famero de personas en el mundo. Se trata de una p\u00e9rdida<\/p>\n<p><a href=\"https:\/\/nuevaweb.mycapil.com\/precio-injerto-capilar-barcelona\/\" target=\"_blank\" rel=\"noopener\">ler mais \u00bb<\/a><br \/>\n\t\t\t\t\t\t\t<img decoding=\"async\" width=\"600\" height=\"400\" src=\"https:\/\/nuevaweb.mycapil.com\/wp-content\/uploads\/2021\/05\/precio-injerto-capilar-madrid.jpg\" alt=\"El precio del injerto capilar en Madrid\" loading=\"lazy\" \/><br \/>\n\t\t\t\t\t\t\t\t<a href=\"https:\/\/nuevaweb.mycapil.com\/precio-injerto-capilar-madrid\/\" target=\"_blank\" rel=\"noopener\"><\/a><\/p>\n<h3>\n\t\t\t<a href=\"https:\/\/nuevaweb.mycapil.com\/precio-injerto-capilar-madrid\/\" target=\"_blank\" rel=\"noopener\"><br \/>\n\t\t\t\t\u00bfCu\u00e1l es el precio de un injerto capilar en Madrid?\t\t\t<\/a><br \/>\n\t\t<\/h3>\n<p>Un individuo que experimenta una p\u00e9rdida de cabello considerable, buscar\u00e1 todos los medios posibles para detenerlo. La alopecia es una condici\u00f3n que<\/p>\n<p><a href=\"https:\/\/nuevaweb.mycapil.com\/precio-injerto-capilar-madrid\/\" target=\"_blank\" rel=\"noopener\">ler mais \u00bb<\/a><br \/>\n\t\t\t\t\t\t\t<img decoding=\"async\" width=\"600\" height=\"400\" src=\"https:\/\/nuevaweb.mycapil.com\/wp-content\/uploads\/2021\/05\/precio-injerto-capilar-espana.jpg\" alt=\"Cu\u00e1nto cuesta el injerto capilar en Espa\u00f1a\" loading=\"lazy\" \/><br \/>\n\t\t\t\t\t\t\t\t<a href=\"https:\/\/nuevaweb.mycapil.com\/precio-injerto-capilar-espana\/\" target=\"_blank\" rel=\"noopener\"><\/a><\/p>\n<h3>\n\t\t\t<a href=\"https:\/\/nuevaweb.mycapil.com\/precio-injerto-capilar-espana\/\" target=\"_blank\" rel=\"noopener\"><br \/>\n\t\t\t\t\u00bfCu\u00e1nto cuesta un injerto capilar en Espa\u00f1a?\t\t\t<\/a><br \/>\n\t\t<\/h3>\n<p>La ca\u00edda del cabello es una situaci\u00f3n molesta para cualquiera que lo experimenta. Cuando es excesiva, comienza a preocupar por sus consecuencias.<\/p>\n<p><a href=\"https:\/\/nuevaweb.mycapil.com\/precio-injerto-capilar-espana\/\" target=\"_blank\" rel=\"noopener\">ler mais \u00bb<\/a><br \/>\n\t\t\t\t\t\t\t<img decoding=\"async\" width=\"600\" height=\"400\" src=\"https:\/\/nuevaweb.mycapil.com\/wp-content\/uploads\/2021\/05\/precio-injerto-capilar-turquia.jpg\" alt=\"Cu\u00e1nto cuesta el injerto capilar en Turqu\u00eda\" loading=\"lazy\" \/><br \/>\n\t\t\t\t\t\t\t\t<a href=\"https:\/\/nuevaweb.mycapil.com\/precio-injerto-capilar-turquia\/\" target=\"_blank\" rel=\"noopener\"><\/a><\/p>\n<h3>\n\t\t\t<a href=\"https:\/\/nuevaweb.mycapil.com\/precio-injerto-capilar-turquia\/\" target=\"_blank\" rel=\"noopener\"><br \/>\n\t\t\t\t\u00bfCu\u00e1nto cuesta un injerto capilar en Turqu\u00eda?\t\t\t<\/a><br \/>\n\t\t<\/h3>\n<p>Una cabellera abundante y saludable requiere muchos cuidados. Pero aunque estos se realicen, existe una patolog\u00eda de la que muchos no pueden<\/p>\n<p><a href=\"https:\/\/nuevaweb.mycapil.com\/precio-injerto-capilar-turquia\/\" target=\"_blank\" rel=\"noopener\">ler mais \u00bb<\/a><br \/>\n\t\t\t\t\t\t\t<img decoding=\"async\" width=\"600\" height=\"405\" src=\"https:\/\/nuevaweb.mycapil.com\/wp-content\/uploads\/2021\/05\/injerto-capilar-murcia.jpg\" alt=\"Las mejores cl\u00ednicas capilares en Murcia\" loading=\"lazy\" \/><br \/>\n\t\t\t\t\t\t\t\t<a href=\"https:\/\/nuevaweb.mycapil.com\/injerto-capilar-murcia\/\" target=\"_blank\" rel=\"noopener\"><\/a><\/p>\n<h3>\n\t\t\t<a href=\"https:\/\/nuevaweb.mycapil.com\/injerto-capilar-murcia\/\" target=\"_blank\" rel=\"noopener\"><br \/>\n\t\t\t\tLas 3 mejores cl\u00ednicas de injerto capilar en Murcia\t\t\t<\/a><br \/>\n\t\t<\/h3>\n<p>Tener un cabello hermoso es el deseo de muchas personas. Siendo esta una de las caracter\u00edsticas que mejora el aspecto de los<\/p>\n<p><a href=\"https:\/\/nuevaweb.mycapil.com\/injerto-capilar-murcia\/\" target=\"_blank\" rel=\"noopener\">ler mais \u00bb<\/a><br \/>\n\t\t\t\t\t\t\t<img decoding=\"async\" width=\"600\" height=\"337\" src=\"https:\/\/nuevaweb.mycapil.com\/wp-content\/uploads\/2021\/05\/trasplante-capilar-infectado.jpg\" alt=\"\u00bfQu\u00e9 es el trasplante capilar infectado?\" loading=\"lazy\" \/><br \/>\n\t\t\t\t\t\t\t\t<a href=\"https:\/\/nuevaweb.mycapil.com\/trasplante-capilar-infectado\/\" target=\"_blank\" rel=\"noopener\"><\/a><\/p>\n<h3>\n\t\t\t<a href=\"https:\/\/nuevaweb.mycapil.com\/trasplante-capilar-infectado\/\" target=\"_blank\" rel=\"noopener\"><br \/>\n\t\t\t\t\u00bfQu\u00e9 es un trasplante capilar infectado?\t\t\t<\/a><br \/>\n\t\t<\/h3>\n<p>El trasplante de pelo es un proceso sencillo, sin embargo, no deja de ser una cirug\u00eda. Como toda intervenci\u00f3n quir\u00fargica, pueden manifestarse<\/p>\n<p><a href=\"https:\/\/nuevaweb.mycapil.com\/trasplante-capilar-infectado\/\" target=\"_blank\" rel=\"noopener\">ler mais \u00bb<\/a><br \/>\n\t\t\t\t\t\t\t<img decoding=\"async\" width=\"600\" height=\"400\" src=\"https:\/\/nuevaweb.mycapil.com\/wp-content\/uploads\/2021\/05\/trasplante-capilar-sin-rapar-cabeza.jpg\" alt=\"C\u00f3mo es un trasplante capilar sin rapar la cabeza\" loading=\"lazy\" \/><br \/>\n\t\t\t\t\t\t\t\t<a href=\"https:\/\/nuevaweb.mycapil.com\/injerto-capilar-sin-rapar-cabeza\/\" target=\"_blank\" rel=\"noopener\"><\/a><\/p>\n<h3>\n\t\t\t<a href=\"https:\/\/nuevaweb.mycapil.com\/injerto-capilar-sin-rapar-cabeza\/\" target=\"_blank\" rel=\"noopener\"><br \/>\n\t\t\t\t\u00bfC\u00f3mo es un injerto capilar sin rapar la cabeza?\t\t\t<\/a><br \/>\n\t\t<\/h3>\n<p>El injerto capilar es una maravillosa soluci\u00f3n para la calvicie. Sin embargo al pensar en este recurso, muchos pacientes se preocupan por<\/p>\n<p><a href=\"https:\/\/nuevaweb.mycapil.com\/injerto-capilar-sin-rapar-cabeza\/\" target=\"_blank\" rel=\"noopener\">ler mais \u00bb<\/a><br \/>\n\t\t\t\t\t\t\t<img decoding=\"async\" width=\"600\" height=\"400\" src=\"https:\/\/nuevaweb.mycapil.com\/wp-content\/uploads\/2021\/05\/trasplante-capilar-3-meses-despues.jpg\" alt=\"C\u00f3mo es el trasplante capilar 3 meses despu\u00e9s de la operaci\u00f3n\" loading=\"lazy\" \/><br \/>\n\t\t\t\t\t\t\t\t<a href=\"https:\/\/nuevaweb.mycapil.com\/trasplante-capilar-3-meses-despues\/\" target=\"_blank\" rel=\"noopener\"><\/a><\/p>\n<h3>\n\t\t\t<a href=\"https:\/\/nuevaweb.mycapil.com\/trasplante-capilar-3-meses-despues\/\" target=\"_blank\" rel=\"noopener\"><br \/>\n\t\t\t\tTrasplante capilar 3 meses despu\u00e9s\t\t\t<\/a><br \/>\n\t\t<\/h3>\n<p>El trasplante capilar es la soluci\u00f3n que pone fin a los problemas de calvicie de manera permanente. Una operaci\u00f3n que no requiere<\/p>\n<p><a href=\"https:\/\/nuevaweb.mycapil.com\/trasplante-capilar-3-meses-despues\/\" target=\"_blank\" rel=\"noopener\">ler mais \u00bb<\/a><br \/>\n\t\t\t\t\t\t\t<img decoding=\"async\" width=\"798\" height=\"773\" src=\"https:\/\/nuevaweb.mycapil.com\/wp-content\/uploads\/2021\/04\/IMG-20210409-WA0078.jpg\" alt=\"Paciente Jos\u00e9 Nieto Prieto\" loading=\"lazy\" \/><br \/>\n\t\t\t\t\t\t\t\t<a href=\"https:\/\/nuevaweb.mycapil.com\/caso-trasplante-capilar-jose-nieto-prieto\/\" target=\"_blank\" rel=\"noopener\"><\/a><\/p>\n<h3>\n\t\t\t<a href=\"https:\/\/nuevaweb.mycapil.com\/caso-trasplante-capilar-jose-nieto-prieto\/\" target=\"_blank\" rel=\"noopener\"><br \/>\n\t\t\t\tCaso Trasplante Capilar Jos\u00e9 Nieto Prieto en Capilclinic\t\t\t<\/a><br \/>\n\t\t<\/h3>\n<p>Al comenzar a ver claros en tu cabeza puede que tomes alguna de estas dos decisiones. Quedarte calvo y vivir con dignidad<\/p>\n<p><a href=\"https:\/\/nuevaweb.mycapil.com\/caso-trasplante-capilar-jose-nieto-prieto\/\" target=\"_blank\" rel=\"noopener\">ler mais \u00bb<\/a><br \/>\n\t\t\t\t\t\t\t<img decoding=\"async\" width=\"600\" height=\"388\" src=\"https:\/\/nuevaweb.mycapil.com\/wp-content\/uploads\/2021\/03\/mejor-champu-crecer-pelo.jpg\" alt=\"Mejor champ\u00fa para hacer crecer el pelo\" loading=\"lazy\" \/><br \/>\n\t\t\t\t\t\t\t\t<a href=\"https:\/\/nuevaweb.mycapil.com\/mejores-champus-hacer-crecer-pelo\/\" target=\"_blank\" rel=\"noopener\"><\/a><\/p>\n<h3>\n\t\t\t<a href=\"https:\/\/nuevaweb.mycapil.com\/mejores-champus-hacer-crecer-pelo\/\" target=\"_blank\" rel=\"noopener\"><br \/>\n\t\t\t\tLos 3 mejores champ\u00fas para hacer crecer el pelo\t\t\t<\/a><br \/>\n\t\t<\/h3>\n<p>Ante la incertidumbre de c\u00f3mo hacer crecer el pelo, la soluci\u00f3n m\u00e1s viable es utilizar el mejor champ\u00fa para acelerar el crecimiento.<\/p>\n<p><a href=\"https:\/\/nuevaweb.mycapil.com\/mejores-champus-hacer-crecer-pelo\/\" target=\"_blank\" rel=\"noopener\">ler mais \u00bb<\/a><br \/>\n\t\t\t\t\t\t\t<img decoding=\"async\" width=\"600\" height=\"388\" src=\"https:\/\/nuevaweb.mycapil.com\/wp-content\/uploads\/2021\/03\/crecer-pelo.jpg\" alt=\"C\u00f3mo hacer crecer el pelo\" loading=\"lazy\" \/><br \/>\n\t\t\t\t\t\t\t\t<a href=\"https:\/\/nuevaweb.mycapil.com\/como-hacer-crecer-el-pelo-rapido\/\" target=\"_blank\" rel=\"noopener\"><\/a><\/p>\n<h3>\n\t\t\t<a href=\"https:\/\/nuevaweb.mycapil.com\/como-hacer-crecer-el-pelo-rapido\/\" target=\"_blank\" rel=\"noopener\"><br \/>\n\t\t\t\tC\u00f3mo hacer crecer el pelo r\u00e1pido\t\t\t<\/a><br \/>\n\t\t<\/h3>\n<p>El cabello es una parte fundamental de nuestra apariencia. Un pelo sano, y hermoso, puede hacer que una persona se vea m\u00e1s<\/p>\n<p><a href=\"https:\/\/nuevaweb.mycapil.com\/como-hacer-crecer-el-pelo-rapido\/\" target=\"_blank\" rel=\"noopener\">ler mais \u00bb<\/a><br \/>\n\t\t\t\t\t\t\t<img decoding=\"async\" width=\"600\" height=\"400\" src=\"https:\/\/nuevaweb.mycapil.com\/wp-content\/uploads\/2021\/03\/mejores-vitaminas-pelo.jpg\" alt=\"mejores vitaminas para el pelo\" loading=\"lazy\" \/><br \/>\n\t\t\t\t\t\t\t\t<a href=\"https:\/\/nuevaweb.mycapil.com\/mejores-vitaminas-pelo\/\" target=\"_blank\" rel=\"noopener\"><\/a><\/p>\n<h3>\n\t\t\t<a href=\"https:\/\/nuevaweb.mycapil.com\/mejores-vitaminas-pelo\/\" target=\"_blank\" rel=\"noopener\"><br \/>\n\t\t\t\tLas mejores vitaminas para el pelo\t\t\t<\/a><br \/>\n\t\t<\/h3>\n<p>El cabello es una parte fundamental del buen aspecto. Cuando este se ve comprometido por cualquier eventualidad, puede ser muy angustiante. Perdemos<\/p>\n<p><a href=\"https:\/\/nuevaweb.mycapil.com\/mejores-vitaminas-pelo\/\" target=\"_blank\" rel=\"noopener\">ler mais \u00bb<\/a><br \/>\n\t\t\t\t\t\t\t<img decoding=\"async\" width=\"600\" height=\"400\" src=\"https:\/\/nuevaweb.mycapil.com\/wp-content\/uploads\/2021\/03\/por-que-se-me-cae-pelo.jpg\" alt=\"Por qu\u00e9 se nos cae el pelo\" loading=\"lazy\" \/><br \/>\n\t\t\t\t\t\t\t\t<a href=\"https:\/\/nuevaweb.mycapil.com\/por-que-se-nos-cae-mucho-el-pelo\/\" target=\"_blank\" rel=\"noopener\"><\/a><\/p>\n<h3>\n\t\t\t<a href=\"https:\/\/nuevaweb.mycapil.com\/por-que-se-nos-cae-mucho-el-pelo\/\" target=\"_blank\" rel=\"noopener\"><br \/>\n\t\t\t\tPor qu\u00e9 se nos cae mucho el pelo\t\t\t<\/a><br \/>\n\t\t<\/h3>\n<p>Que exista una ca\u00edda de pelo no es un signo de que algo va mal con nuestro cuerpo. La realidad es que<\/p>\n<p><a href=\"https:\/\/nuevaweb.mycapil.com\/por-que-se-nos-cae-mucho-el-pelo\/\" target=\"_blank\" rel=\"noopener\">ler mais \u00bb<\/a><br \/>\n\t\t\t\t\t\t\t<img decoding=\"async\" width=\"600\" height=\"400\" src=\"https:\/\/nuevaweb.mycapil.com\/wp-content\/uploads\/2021\/03\/mejores-champus-pelo.jpg\" alt=\"Mejores champ\u00fas para el crecimiento del pelo\" loading=\"lazy\" \/><br \/>\n\t\t\t\t\t\t\t\t<a href=\"https:\/\/nuevaweb.mycapil.com\/mejores-champus-estimular-crecimiento-pelo\/\" target=\"_blank\" rel=\"noopener\"><\/a><\/p>\n<h3>\n\t\t\t<a href=\"https:\/\/nuevaweb.mycapil.com\/mejores-champus-estimular-crecimiento-pelo\/\" target=\"_blank\" rel=\"noopener\"><br \/>\n\t\t\t\tLos 3 mejores champ\u00fas para estimular el crecimiento del pelo\t\t\t<\/a><br \/>\n\t\t<\/h3>\n<p>Son muchos los factores que perjudican el crecimiento del cabello. Destac\u00e1ndose el desequilibrio de las funciones biol\u00f3gicas que hacen crecer el pelo.<\/p>\n<p><a href=\"https:\/\/nuevaweb.mycapil.com\/mejores-champus-estimular-crecimiento-pelo\/\" target=\"_blank\" rel=\"noopener\">ler mais \u00bb<\/a><br \/>\n\t\t\t\t\t\t\t<img decoding=\"async\" width=\"600\" height=\"400\" src=\"https:\/\/nuevaweb.mycapil.com\/wp-content\/uploads\/2021\/03\/planchas-pelo-profesional.jpg\" alt=\"Mejores planchas de pelo profesional\" loading=\"lazy\" \/><br \/>\n\t\t\t\t\t\t\t\t<a href=\"https:\/\/nuevaweb.mycapil.com\/mejores-planchas-pelo-profesional\/\" target=\"_blank\" rel=\"noopener\"><\/a><\/p>\n<h3>\n\t\t\t<a href=\"https:\/\/nuevaweb.mycapil.com\/mejores-planchas-pelo-profesional\/\" target=\"_blank\" rel=\"noopener\"><br \/>\n\t\t\t\tLas 5 mejores planchas de pelo profesional\t\t\t<\/a><br \/>\n\t\t<\/h3>\n<p>El cuidado del cabello no se rige exclusivamente por el uso de un buen champ\u00fa o mascarillas milagrosas. Algunas personas disfrutan alisar<\/p>\n<p><a href=\"https:\/\/nuevaweb.mycapil.com\/mejores-planchas-pelo-profesional\/\" target=\"_blank\" rel=\"noopener\">ler mais \u00bb<\/a><\/p>\n","protected":false},"excerpt":{"rendered":"<p>Las 3 mejores cl\u00ednicas de injerto capilar en Galicia La calvicie es un problema al que muchos hombres e incluso mujeres se enfrentan. Pero afortunadamente ya no es una afecci\u00f3n dif\u00edcil ler mais \u00bb Las 3 mejores cl\u00ednicas de injerto capilar en Zaragoza Gracias a la avanzadas t\u00e9cnicas realizadas en las mejores cl\u00ednicas de injerto [&hellip;]<\/p>\n","protected":false},"author":2,"featured_media":0,"parent":0,"menu_order":0,"comment_status":"closed","ping_status":"closed","template":"","meta":{"footnotes":""},"class_list":["post-1543","page","type-page","status-publish"],"yoast_head":"<!-- This site is optimized with the Yoast SEO plugin v25.9 - https:\/\/yoast.com\/wordpress\/plugins\/seo\/ -->\n<title>Os melhores artigos sobre o mundo do cabelo e seus segredos<\/title>\n<meta name=\"description\" content=\"Descubra todos os nossos artigos sobre transplante de cabelo, os diferentes tratamentos capilares e as causas da alopecia.\" \/>\n<meta name=\"robots\" content=\"index, follow, max-snippet:-1, max-image-preview:large, max-video-preview:-1\" \/>\n<link rel=\"canonical\" href=\"https:\/\/mycapil.com\/pt-br\/nossos-artigos\/\" \/>\n<meta property=\"og:locale\" content=\"pt_PT\" \/>\n<meta property=\"og:type\" content=\"article\" \/>\n<meta property=\"og:title\" content=\"Os melhores artigos sobre o mundo do cabelo e seus segredos\" \/>\n<meta property=\"og:description\" content=\"Descubra todos os nossos artigos sobre transplante de cabelo, os diferentes tratamentos capilares e as causas da alopecia.\" \/>\n<meta property=\"og:url\" content=\"https:\/\/mycapil.com\/pt-br\/nossos-artigos\/\" \/>\n<meta property=\"og:site_name\" content=\"MyCapil\" \/>\n<meta property=\"article:modified_time\" content=\"2021-07-15T12:52:26+00:00\" \/>\n<meta property=\"og:image\" content=\"https:\/\/nuevaweb.mycapil.com\/wp-content\/uploads\/2021\/06\/injerto-capilar-galicia.jpg\" \/>\n<meta name=\"twitter:card\" content=\"summary_large_image\" \/>\n<meta name=\"twitter:label1\" content=\"Est. reading time\" \/>\n\t<meta name=\"twitter:data1\" content=\"7 minutes\" \/>\n<script type=\"application\/ld+json\" class=\"yoast-schema-graph\">{\"@context\":\"https:\/\/schema.org\",\"@graph\":[{\"@type\":\"WebPage\",\"@id\":\"https:\/\/mycapil.com\/pt-br\/nossos-artigos\/\",\"url\":\"https:\/\/mycapil.com\/pt-br\/nossos-artigos\/\",\"name\":\"Os melhores artigos sobre o mundo do cabelo e seus segredos\",\"isPartOf\":{\"@id\":\"https:\/\/mycapil.com\/pt-br\/#website\"},\"primaryImageOfPage\":{\"@id\":\"https:\/\/mycapil.com\/pt-br\/nossos-artigos\/#primaryimage\"},\"image\":{\"@id\":\"https:\/\/mycapil.com\/pt-br\/nossos-artigos\/#primaryimage\"},\"thumbnailUrl\":\"https:\/\/nuevaweb.mycapil.com\/wp-content\/uploads\/2021\/06\/injerto-capilar-galicia.jpg\",\"datePublished\":\"2020-03-18T15:16:30+00:00\",\"dateModified\":\"2021-07-15T12:52:26+00:00\",\"description\":\"Descubra todos os nossos artigos sobre transplante de cabelo, os diferentes tratamentos capilares e as causas da alopecia.\",\"breadcrumb\":{\"@id\":\"https:\/\/mycapil.com\/pt-br\/nossos-artigos\/#breadcrumb\"},\"inLanguage\":\"pt\",\"potentialAction\":[{\"@type\":\"ReadAction\",\"target\":[\"https:\/\/mycapil.com\/pt-br\/nossos-artigos\/\"]}]},{\"@type\":\"ImageObject\",\"inLanguage\":\"pt\",\"@id\":\"https:\/\/mycapil.com\/pt-br\/nossos-artigos\/#primaryimage\",\"url\":\"https:\/\/nuevaweb.mycapil.com\/wp-content\/uploads\/2021\/06\/injerto-capilar-galicia.jpg\",\"contentUrl\":\"https:\/\/nuevaweb.mycapil.com\/wp-content\/uploads\/2021\/06\/injerto-capilar-galicia.jpg\"},{\"@type\":\"BreadcrumbList\",\"@id\":\"https:\/\/mycapil.com\/pt-br\/nossos-artigos\/#breadcrumb\",\"itemListElement\":[{\"@type\":\"ListItem\",\"position\":1,\"name\":\"Home\",\"item\":\"https:\/\/mycapil.com\/pt-br\/\"},{\"@type\":\"ListItem\",\"position\":2,\"name\":\"Nossos artigos\"}]},{\"@type\":\"WebSite\",\"@id\":\"https:\/\/mycapil.com\/pt-br\/#website\",\"url\":\"https:\/\/mycapil.com\/pt-br\/\",\"name\":\"MyCapil\",\"description\":\"Alopecia, queda de cabelo, capilar\",\"publisher\":{\"@id\":\"https:\/\/mycapil.com\/pt-br\/#organization\"},\"potentialAction\":[{\"@type\":\"SearchAction\",\"target\":{\"@type\":\"EntryPoint\",\"urlTemplate\":\"https:\/\/mycapil.com\/pt-br\/?s={search_term_string}\"},\"query-input\":{\"@type\":\"PropertyValueSpecification\",\"valueRequired\":true,\"valueName\":\"search_term_string\"}}],\"inLanguage\":\"pt\"},{\"@type\":\"Organization\",\"@id\":\"https:\/\/mycapil.com\/pt-br\/#organization\",\"name\":\"MyCapil\",\"url\":\"https:\/\/mycapil.com\/pt-br\/\",\"logo\":{\"@type\":\"ImageObject\",\"inLanguage\":\"pt\",\"@id\":\"https:\/\/mycapil.com\/pt-br\/#\/schema\/logo\/image\/\",\"url\":\"https:\/\/mycapil.com\/wp-content\/uploads\/2020\/02\/Mycapil3.png\",\"contentUrl\":\"https:\/\/mycapil.com\/wp-content\/uploads\/2020\/02\/Mycapil3.png\",\"width\":339,\"height\":113,\"caption\":\"MyCapil\"},\"image\":{\"@id\":\"https:\/\/mycapil.com\/pt-br\/#\/schema\/logo\/image\/\"}}]}<\/script>\n<!-- \/ Yoast SEO plugin. -->","yoast_head_json":{"title":"Os melhores artigos sobre o mundo do cabelo e seus segredos","description":"Descubra todos os nossos artigos sobre transplante de cabelo, os diferentes tratamentos capilares e as causas da alopecia.","robots":{"index":"index","follow":"follow","max-snippet":"max-snippet:-1","max-image-preview":"max-image-preview:large","max-video-preview":"max-video-preview:-1"},"canonical":"https:\/\/mycapil.com\/pt-br\/nossos-artigos\/","og_locale":"pt_PT","og_type":"article","og_title":"Os melhores artigos sobre o mundo do cabelo e seus segredos","og_description":"Descubra todos os nossos artigos sobre transplante de cabelo, os diferentes tratamentos capilares e as causas da alopecia.","og_url":"https:\/\/mycapil.com\/pt-br\/nossos-artigos\/","og_site_name":"MyCapil","article_modified_time":"2021-07-15T12:52:26+00:00","og_image":[{"url":"https:\/\/nuevaweb.mycapil.com\/wp-content\/uploads\/2021\/06\/injerto-capilar-galicia.jpg","type":"","width":"","height":""}],"twitter_card":"summary_large_image","twitter_misc":{"Est. reading time":"7 minutes"},"schema":{"@context":"https:\/\/schema.org","@graph":[{"@type":"WebPage","@id":"https:\/\/mycapil.com\/pt-br\/nossos-artigos\/","url":"https:\/\/mycapil.com\/pt-br\/nossos-artigos\/","name":"Os melhores artigos sobre o mundo do cabelo e seus segredos","isPartOf":{"@id":"https:\/\/mycapil.com\/pt-br\/#website"},"primaryImageOfPage":{"@id":"https:\/\/mycapil.com\/pt-br\/nossos-artigos\/#primaryimage"},"image":{"@id":"https:\/\/mycapil.com\/pt-br\/nossos-artigos\/#primaryimage"},"thumbnailUrl":"https:\/\/nuevaweb.mycapil.com\/wp-content\/uploads\/2021\/06\/injerto-capilar-galicia.jpg","datePublished":"2020-03-18T15:16:30+00:00","dateModified":"2021-07-15T12:52:26+00:00","description":"Descubra todos os nossos artigos sobre transplante de cabelo, os diferentes tratamentos capilares e as causas da alopecia.","breadcrumb":{"@id":"https:\/\/mycapil.com\/pt-br\/nossos-artigos\/#breadcrumb"},"inLanguage":"pt","potentialAction":[{"@type":"ReadAction","target":["https:\/\/mycapil.com\/pt-br\/nossos-artigos\/"]}]},{"@type":"ImageObject","inLanguage":"pt","@id":"https:\/\/mycapil.com\/pt-br\/nossos-artigos\/#primaryimage","url":"https:\/\/nuevaweb.mycapil.com\/wp-content\/uploads\/2021\/06\/injerto-capilar-galicia.jpg","contentUrl":"https:\/\/nuevaweb.mycapil.com\/wp-content\/uploads\/2021\/06\/injerto-capilar-galicia.jpg"},{"@type":"BreadcrumbList","@id":"https:\/\/mycapil.com\/pt-br\/nossos-artigos\/#breadcrumb","itemListElement":[{"@type":"ListItem","position":1,"name":"Home","item":"https:\/\/mycapil.com\/pt-br\/"},{"@type":"ListItem","position":2,"name":"Nossos artigos"}]},{"@type":"WebSite","@id":"https:\/\/mycapil.com\/pt-br\/#website","url":"https:\/\/mycapil.com\/pt-br\/","name":"MyCapil","description":"Alopecia, queda de cabelo, capilar","publisher":{"@id":"https:\/\/mycapil.com\/pt-br\/#organization"},"potentialAction":[{"@type":"SearchAction","target":{"@type":"EntryPoint","urlTemplate":"https:\/\/mycapil.com\/pt-br\/?s={search_term_string}"},"query-input":{"@type":"PropertyValueSpecification","valueRequired":true,"valueName":"search_term_string"}}],"inLanguage":"pt"},{"@type":"Organization","@id":"https:\/\/mycapil.com\/pt-br\/#organization","name":"MyCapil","url":"https:\/\/mycapil.com\/pt-br\/","logo":{"@type":"ImageObject","inLanguage":"pt","@id":"https:\/\/mycapil.com\/pt-br\/#\/schema\/logo\/image\/","url":"https:\/\/mycapil.com\/wp-content\/uploads\/2020\/02\/Mycapil3.png","contentUrl":"https:\/\/mycapil.com\/wp-content\/uploads\/2020\/02\/Mycapil3.png","width":339,"height":113,"caption":"MyCapil"},"image":{"@id":"https:\/\/mycapil.com\/pt-br\/#\/schema\/logo\/image\/"}}]}},"_links":{"self":[{"href":"https:\/\/mycapil.com\/pt-br\/wp-json\/wp\/v2\/pages\/1543","targetHints":{"allow":["GET"]}}],"collection":[{"href":"https:\/\/mycapil.com\/pt-br\/wp-json\/wp\/v2\/pages"}],"about":[{"href":"https:\/\/mycapil.com\/pt-br\/wp-json\/wp\/v2\/types\/page"}],"author":[{"embeddable":true,"href":"https:\/\/mycapil.com\/pt-br\/wp-json\/wp\/v2\/users\/2"}],"replies":[{"embeddable":true,"href":"https:\/\/mycapil.com\/pt-br\/wp-json\/wp\/v2\/comments?post=1543"}],"version-history":[{"count":14,"href":"https:\/\/mycapil.com\/pt-br\/wp-json\/wp\/v2\/pages\/1543\/revisions"}],"predecessor-version":[{"id":3908,"href":"https:\/\/mycapil.com\/pt-br\/wp-json\/wp\/v2\/pages\/1543\/revisions\/3908"}],"wp:attachment":[{"href":"https:\/\/mycapil.com\/pt-br\/wp-json\/wp\/v2\/media?parent=1543"}],"curies":[{"name":"wp","href":"https:\/\/api.w.org\/{rel}","templated":true}]}}