{"id":3522,"date":"2021-07-14T06:20:42","date_gmt":"2021-07-14T10:20:42","guid":{"rendered":"https:\/\/nuevaweb.mycapil.com\/home\/"},"modified":"2021-10-12T14:43:43","modified_gmt":"2021-10-12T18:43:43","slug":"home","status":"publish","type":"page","link":"https:\/\/mycapil.com\/pt-br\/home\/","title":{"rendered":"Home"},"content":{"rendered":"<h1>Tudo sobre  O mundo do cabelo <\/h1>\n<p>Disponibilizamos os melhores artigos e informa\u00e7\u00f5es para que conhe\u00e7a todos os segredos do cabelo.<\/p>\n<p>\t\t\t\t\t\t\t<img decoding=\"async\" width=\"555\" height=\"370\" src=\"https:\/\/mycapil.com\/wp-content\/uploads\/2021\/09\/trapianto-capelli-turchia.jpg\" alt=\"Quanto costa un trapianto di capelli in Turchia?\" loading=\"lazy\" \/><svg xmlns=\"http:\/\/www.w3.org\/2000\/svg\" viewBox=\"0 0 1000 100\" preserveAspectRatio=\"none\"><path opacity=\"0.33\" d=\"M473,67.3c-203.9,88.3-263.1-34-320.3,0C66,119.1,0,59.7,0,59.7V0h1000v59.7 c0,0-62.1,26.1-94.9,29.3c-32.8,3.3-62.8-12.3-75.8-22.1C806,49.6,745.3,8.7,694.9,4.7S492.4,59,473,67.3z\"><\/path><path opacity=\"0.66\" d=\"M734,67.3c-45.5,0-77.2-23.2-129.1-39.1c-28.6-8.7-150.3-10.1-254,39.1 s-91.7-34.4-149.2,0C115.7,118.3,0,39.8,0,39.8V0h1000v36.5c0,0-28.2-18.5-92.1-18.5C810.2,18.1,775.7,67.3,734,67.3z\"><\/path><path d=\"M766.1,28.9c-200-57.5-266,65.5-395.1,19.5C242,1.8,242,5.4,184.8,20.6C128,35.8,132.3,44.9,89.9,52.5C28.6,63.7,0,0,0,0 h1000c0,0-9.9,40.9-83.6,48.1S829.6,47,766.1,28.9z\"><\/path><\/svg><br \/>\n\t\t\t\t\t\t\t\t<a href=\"https:\/\/mycapil.com\/it\/quanto-costa-trapianto-capelli-turchia\/\" target=\"_blank\" rel=\"noopener\"><\/a><\/p>\n<ul>\n<li><a href=\"https:\/\/mycapil.com\/it\/category\/trapianto-di-capelli\/\">Trapianto di capelli<\/a><\/li>\n<\/ul>\n<h2>\n\t\t\t<a href=\"https:\/\/mycapil.com\/it\/quanto-costa-trapianto-capelli-turchia\/\" target=\"_blank\" rel=\"noopener\"><br \/>\n\t\t\t\tQuanto costa un trapianto di capelli in Turchia?\t\t\t<\/a><br \/>\n\t\t<\/h2>\n<p>La perdita dei capelli, detta alopecia, \u00e8 un problema diffuso soprattutto tra gli uomini. Secondo le stime pi\u00f9 recenti, interessa il 50% degli uomini a partire dai 25 anni e potrebbe progredire pi\u00f9 o meno rapidamente. Tra le varie conseguenze, la peggiore \u00e8 probabilmente la perdita dell\u2019autostima e la tendenza \u2026<\/p>\n<p>\t\t\t\t\t\t\t<img decoding=\"async\" width=\"555\" height=\"370\" src=\"https:\/\/mycapil.com\/wp-content\/uploads\/2021\/09\/trapianto-capelli-3-mesi-dopo.jpg\" alt=\"Trapianto di capelli: 3 mesi dopo\" loading=\"lazy\" \/><svg xmlns=\"http:\/\/www.w3.org\/2000\/svg\" viewBox=\"0 0 1000 100\" preserveAspectRatio=\"none\"><path opacity=\"0.33\" d=\"M473,67.3c-203.9,88.3-263.1-34-320.3,0C66,119.1,0,59.7,0,59.7V0h1000v59.7 c0,0-62.1,26.1-94.9,29.3c-32.8,3.3-62.8-12.3-75.8-22.1C806,49.6,745.3,8.7,694.9,4.7S492.4,59,473,67.3z\"><\/path><path opacity=\"0.66\" d=\"M734,67.3c-45.5,0-77.2-23.2-129.1-39.1c-28.6-8.7-150.3-10.1-254,39.1 s-91.7-34.4-149.2,0C115.7,118.3,0,39.8,0,39.8V0h1000v36.5c0,0-28.2-18.5-92.1-18.5C810.2,18.1,775.7,67.3,734,67.3z\"><\/path><path d=\"M766.1,28.9c-200-57.5-266,65.5-395.1,19.5C242,1.8,242,5.4,184.8,20.6C128,35.8,132.3,44.9,89.9,52.5C28.6,63.7,0,0,0,0 h1000c0,0-9.9,40.9-83.6,48.1S829.6,47,766.1,28.9z\"><\/path><\/svg><br \/>\n\t\t\t\t\t\t\t\t<a href=\"https:\/\/mycapil.com\/it\/trapianto-di-capelli-3-mesi-dopo\/\" target=\"_blank\" rel=\"noopener\"><\/a><\/p>\n<ul>\n<li><a href=\"https:\/\/mycapil.com\/it\/category\/trapianto-di-capelli\/\">Trapianto di capelli<\/a><\/li>\n<\/ul>\n<h2>\n\t\t\t<a href=\"https:\/\/mycapil.com\/it\/trapianto-di-capelli-3-mesi-dopo\/\" target=\"_blank\" rel=\"noopener\"><br \/>\n\t\t\t\tTrapianto di capelli: 3 mesi dopo\t\t\t<\/a><br \/>\n\t\t<\/h2>\n<p>Il periodo postoperatorio del trapianto di capelli comincia il giorno stesso dell\u2019operazione, cio\u00e8 quando il paziente esce dalla sala operatoria. La durata del recupero varia da paziente in paziente: ogni persona presenta una dinamica diversa, del tutto personale. In linea generale, sono necessari circa sei mesi per un recupero completo \u2026<\/p>\n<p>\t\t\t\t\t\t\t<img decoding=\"async\" width=\"555\" height=\"312\" src=\"https:\/\/mycapil.com\/wp-content\/uploads\/2021\/09\/migliori-cliniche-trapianto-capelli-mondo.jpg\" alt=\"Le migliori cliniche per trapianto di capelli al mondo\" loading=\"lazy\" \/><svg xmlns=\"http:\/\/www.w3.org\/2000\/svg\" viewBox=\"0 0 1000 100\" preserveAspectRatio=\"none\"><path opacity=\"0.33\" d=\"M473,67.3c-203.9,88.3-263.1-34-320.3,0C66,119.1,0,59.7,0,59.7V0h1000v59.7 c0,0-62.1,26.1-94.9,29.3c-32.8,3.3-62.8-12.3-75.8-22.1C806,49.6,745.3,8.7,694.9,4.7S492.4,59,473,67.3z\"><\/path><path opacity=\"0.66\" d=\"M734,67.3c-45.5,0-77.2-23.2-129.1-39.1c-28.6-8.7-150.3-10.1-254,39.1 s-91.7-34.4-149.2,0C115.7,118.3,0,39.8,0,39.8V0h1000v36.5c0,0-28.2-18.5-92.1-18.5C810.2,18.1,775.7,67.3,734,67.3z\"><\/path><path d=\"M766.1,28.9c-200-57.5-266,65.5-395.1,19.5C242,1.8,242,5.4,184.8,20.6C128,35.8,132.3,44.9,89.9,52.5C28.6,63.7,0,0,0,0 h1000c0,0-9.9,40.9-83.6,48.1S829.6,47,766.1,28.9z\"><\/path><\/svg><br \/>\n\t\t\t\t\t\t\t\t<a href=\"https:\/\/mycapil.com\/it\/migliori-cliniche-trapianto-capelli-mondo\/\" target=\"_blank\" rel=\"noopener\"><\/a><\/p>\n<ul>\n<li><a href=\"https:\/\/mycapil.com\/it\/category\/generico\/\">Generico<\/a><\/li>\n<\/ul>\n<h2>\n\t\t\t<a href=\"https:\/\/mycapil.com\/it\/migliori-cliniche-trapianto-capelli-mondo\/\" target=\"_blank\" rel=\"noopener\"><br \/>\n\t\t\t\tLe migliori cliniche per trapianto di capelli al mondo\t\t\t<\/a><br \/>\n\t\t<\/h2>\n<p>Il trapianto dei capelli \u00e8 un\u2019operazione chirurgica che comporta la rimozione dei follicoli da un\u2019area sana chiamata \u201cdonatrice\u201d e l\u2019impianto presso un&#8217;area affetta dalla calvizie, detta \u201cricevente\u201d. Questa tecnica non invasiva prevede l\u2019utilizzo di innesti con follicoli piliferi in genere localizzati nella parte posteriore della testa; i capelli raccolti sono \u2026<\/p>\n<p>\t\t\t\t\t\t\t<img decoding=\"async\" width=\"555\" height=\"370\" src=\"https:\/\/mycapil.com\/wp-content\/uploads\/2021\/09\/anestesia-trapianto-capelli.jpg\" alt=\"L&#039;anestesia per il trapianto di capelli\" loading=\"lazy\" \/><svg xmlns=\"http:\/\/www.w3.org\/2000\/svg\" viewBox=\"0 0 1000 100\" preserveAspectRatio=\"none\"><path opacity=\"0.33\" d=\"M473,67.3c-203.9,88.3-263.1-34-320.3,0C66,119.1,0,59.7,0,59.7V0h1000v59.7 c0,0-62.1,26.1-94.9,29.3c-32.8,3.3-62.8-12.3-75.8-22.1C806,49.6,745.3,8.7,694.9,4.7S492.4,59,473,67.3z\"><\/path><path opacity=\"0.66\" d=\"M734,67.3c-45.5,0-77.2-23.2-129.1-39.1c-28.6-8.7-150.3-10.1-254,39.1 s-91.7-34.4-149.2,0C115.7,118.3,0,39.8,0,39.8V0h1000v36.5c0,0-28.2-18.5-92.1-18.5C810.2,18.1,775.7,67.3,734,67.3z\"><\/path><path d=\"M766.1,28.9c-200-57.5-266,65.5-395.1,19.5C242,1.8,242,5.4,184.8,20.6C128,35.8,132.3,44.9,89.9,52.5C28.6,63.7,0,0,0,0 h1000c0,0-9.9,40.9-83.6,48.1S829.6,47,766.1,28.9z\"><\/path><\/svg><br \/>\n\t\t\t\t\t\t\t\t<a href=\"https:\/\/mycapil.com\/it\/anestesia-trapianto-capelli\/\" target=\"_blank\" rel=\"noopener\"><\/a><\/p>\n<ul>\n<li><a href=\"https:\/\/mycapil.com\/it\/category\/generico\/\">Generico<\/a><\/li>\n<\/ul>\n<h2>\n\t\t\t<a href=\"https:\/\/mycapil.com\/it\/anestesia-trapianto-capelli\/\" target=\"_blank\" rel=\"noopener\"><br \/>\n\t\t\t\tL&#8217;anestesia per il trapianto di capelli\t\t\t<\/a><br \/>\n\t\t<\/h2>\n<p>Come in ogni tipologia di intervento chirurgico, anche quando si tratta di trapianto di capelli l\u2019obiettivo \u00e8 che tutto vada a buon fine, cos\u00ec che il paziente possa ritornare velocemente alla vita normale. In molti temono l\u2019anestesia &#8211; un fenomeno assolutamente normale, soprattutto se non ci si \u00e8 ancora sottoposti \u2026<\/p>\n<p>\t\t\t\t\t\t\t<img decoding=\"async\" width=\"555\" height=\"370\" src=\"https:\/\/mycapil.com\/wp-content\/uploads\/2021\/09\/trapianto-senza-radersi-la-testa.jpg\" alt=\"Il trapianto di capelli senza radersi la testa\" loading=\"lazy\" \/><svg xmlns=\"http:\/\/www.w3.org\/2000\/svg\" viewBox=\"0 0 1000 100\" preserveAspectRatio=\"none\"><path opacity=\"0.33\" d=\"M473,67.3c-203.9,88.3-263.1-34-320.3,0C66,119.1,0,59.7,0,59.7V0h1000v59.7 c0,0-62.1,26.1-94.9,29.3c-32.8,3.3-62.8-12.3-75.8-22.1C806,49.6,745.3,8.7,694.9,4.7S492.4,59,473,67.3z\"><\/path><path opacity=\"0.66\" d=\"M734,67.3c-45.5,0-77.2-23.2-129.1-39.1c-28.6-8.7-150.3-10.1-254,39.1 s-91.7-34.4-149.2,0C115.7,118.3,0,39.8,0,39.8V0h1000v36.5c0,0-28.2-18.5-92.1-18.5C810.2,18.1,775.7,67.3,734,67.3z\"><\/path><path d=\"M766.1,28.9c-200-57.5-266,65.5-395.1,19.5C242,1.8,242,5.4,184.8,20.6C128,35.8,132.3,44.9,89.9,52.5C28.6,63.7,0,0,0,0 h1000c0,0-9.9,40.9-83.6,48.1S829.6,47,766.1,28.9z\"><\/path><\/svg><br \/>\n\t\t\t\t\t\t\t\t<a href=\"https:\/\/mycapil.com\/it\/trapianto-capelli-senza-radersi-testa\/\" target=\"_blank\" rel=\"noopener\"><\/a><\/p>\n<ul>\n<li><a href=\"https:\/\/mycapil.com\/it\/category\/generico\/\">Generico<\/a><\/li>\n<\/ul>\n<h2>\n\t\t\t<a href=\"https:\/\/mycapil.com\/it\/trapianto-capelli-senza-radersi-testa\/\" target=\"_blank\" rel=\"noopener\"><br \/>\n\t\t\t\tIl trapianto di capelli senza radersi la testa\t\t\t<\/a><br \/>\n\t\t<\/h2>\n<p>Quando ci si deve sottoporre ad un trapianto di capelli, \u00e8 consigliato optare per una rasatura completa. Tuttavia, esiste una tecnica che non prevede questa necessit\u00e0: \u00e8 pensata per quei pazienti che hanno i capelli lunghi e necessitano di poche unit\u00e0 follicolari per coprire un&#8217;area specifica del cuoio capelluto. Talvolta \u2026<\/p>\n<p>TRANSPLANTE DE CABELO<\/p>\n<p>\t\t\t\t\t\t\t\t\t\t\t\t<img decoding=\"async\" width=\"600\" height=\"400\" src=\"https:\/\/mycapil.com\/wp-content\/uploads\/2021\/06\/injerto-capilar-galicia.jpg\" alt=\"Melhores cl\u00ednicas capilares da Brasil\" loading=\"lazy\" srcset=\"https:\/\/mycapil.com\/wp-content\/uploads\/2021\/06\/injerto-capilar-galicia.jpg 600w, https:\/\/mycapil.com\/wp-content\/uploads\/2021\/06\/injerto-capilar-galicia-300x200.jpg 300w, https:\/\/mycapil.com\/wp-content\/uploads\/2021\/06\/injerto-capilar-galicia-555x370.jpg 555w, https:\/\/mycapil.com\/wp-content\/uploads\/2021\/06\/injerto-capilar-galicia-360x240.jpg 360w, https:\/\/mycapil.com\/wp-content\/uploads\/2021\/06\/injerto-capilar-galicia-262x175.jpg 262w\" sizes=\"auto, (max-width: 600px) 100vw, 600px\" \/>\t\t\t\t\t\t\t\t\t\t\t\t\t\t<\/p>\n<p><a href=\"https:\/\/mycapil.com\/pt-br\/melhores-medicos-transplante-capilar-sao-paulo\/\">Os tr\u00eas melhores m\u00e9dicos de transplante capilar em S\u00e3o Paulo<\/a><\/p>\n<p>\t\t\t\t\t\t\t\t\t\t\t\t<img decoding=\"async\" width=\"555\" height=\"370\" src=\"https:\/\/mycapil.com\/wp-content\/uploads\/2021\/05\/espinhas-na-cabec_a.jpg\" alt=\"Espinhas na cabe\u00e7a: causas, sintomas e tratamentos\" loading=\"lazy\" srcset=\"https:\/\/mycapil.com\/wp-content\/uploads\/2021\/05\/espinhas-na-cabec_a.jpg 555w, https:\/\/mycapil.com\/wp-content\/uploads\/2021\/05\/espinhas-na-cabec_a-300x200.jpg 300w, https:\/\/mycapil.com\/wp-content\/uploads\/2021\/05\/espinhas-na-cabec_a-360x240.jpg 360w, https:\/\/mycapil.com\/wp-content\/uploads\/2021\/05\/espinhas-na-cabec_a-262x175.jpg 262w\" sizes=\"auto, (max-width: 555px) 100vw, 555px\" \/>\t\t\t\t\t\t\t\t\t\t\t\t\t\t<\/p>\n<p><a href=\"https:\/\/www.mycapil.com\/pt-br\/transplante-capilar-brasil\/\">As tr\u00eas maiores cl\u00ednicas de transplante capilar em Brasil<\/a><\/p>\n<p>\t\t\t\t\t\t\t\t\t\t\t\t<img decoding=\"async\" width=\"600\" height=\"400\" src=\"https:\/\/mycapil.com\/wp-content\/uploads\/2021\/01\/transplante-capilar-turquia.jpg\" alt=\"transplante capilar na Turquia\" loading=\"lazy\" srcset=\"https:\/\/mycapil.com\/wp-content\/uploads\/2021\/01\/transplante-capilar-turquia.jpg 600w, https:\/\/mycapil.com\/wp-content\/uploads\/2021\/01\/transplante-capilar-turquia-300x200.jpg 300w, https:\/\/mycapil.com\/wp-content\/uploads\/2021\/01\/transplante-capilar-turquia-555x370.jpg 555w, https:\/\/mycapil.com\/wp-content\/uploads\/2021\/01\/transplante-capilar-turquia-360x240.jpg 360w, https:\/\/mycapil.com\/wp-content\/uploads\/2021\/01\/transplante-capilar-turquia-262x175.jpg 262w\" sizes=\"auto, (max-width: 600px) 100vw, 600px\" \/>\t\t\t\t\t\t\t\t\t\t\t\t\t\t<\/p>\n<p><a href=\"https:\/\/www.mycapil.com\/pt-br\/melhores-clinicas-transplante-capilar-turquia\/\">Melhores cl\u00ednicas de transplante capilar na Turquia<\/a><\/p>\n<p>\t\t\t\t\t\t\t\t\t\t\t\t<img decoding=\"async\" width=\"600\" height=\"399\" src=\"https:\/\/mycapil.com\/wp-content\/uploads\/2021\/06\/anesthesia-hair-transplant.jpg\" alt=\"Anestesia no Enxerto Capilar\" loading=\"lazy\" srcset=\"https:\/\/mycapil.com\/wp-content\/uploads\/2021\/06\/anesthesia-hair-transplant.jpg 600w, https:\/\/mycapil.com\/wp-content\/uploads\/2021\/06\/anesthesia-hair-transplant-300x200.jpg 300w, https:\/\/mycapil.com\/wp-content\/uploads\/2021\/06\/anesthesia-hair-transplant-555x370.jpg 555w, https:\/\/mycapil.com\/wp-content\/uploads\/2021\/06\/anesthesia-hair-transplant-360x240.jpg 360w, https:\/\/mycapil.com\/wp-content\/uploads\/2021\/06\/anesthesia-hair-transplant-262x175.jpg 262w\" sizes=\"auto, (max-width: 600px) 100vw, 600px\" \/>\t\t\t\t\t\t\t\t\t\t\t\t\t\t<\/p>\n<p><a href=\"https:\/\/mycapil.com\/pt-br\/transplantes-capilares-funcionam\/%20\">Transplantes capilares realmente funcionam?<\/a><\/p>\n<p>TRATAMENTO DE CABELO<\/p>\n<p>\t\t\t\t\t\t\t\t\t\t\t\t<img decoding=\"async\" width=\"600\" height=\"388\" src=\"https:\/\/mycapil.com\/wp-content\/uploads\/2021\/03\/best-shampoo-hair-growth.jpg\" alt=\"Melhor shampoo para crescimento de cabelo\" loading=\"lazy\" srcset=\"https:\/\/mycapil.com\/wp-content\/uploads\/2021\/03\/best-shampoo-hair-growth.jpg 600w, https:\/\/mycapil.com\/wp-content\/uploads\/2021\/03\/best-shampoo-hair-growth-300x194.jpg 300w, https:\/\/mycapil.com\/wp-content\/uploads\/2021\/03\/best-shampoo-hair-growth-555x359.jpg 555w, https:\/\/mycapil.com\/wp-content\/uploads\/2021\/03\/best-shampoo-hair-growth-360x233.jpg 360w, https:\/\/mycapil.com\/wp-content\/uploads\/2021\/03\/best-shampoo-hair-growth-262x169.jpg 262w\" sizes=\"auto, (max-width: 600px) 100vw, 600px\" \/>\t\t\t\t\t\t\t\t\t\t\t\t\t\t<\/p>\n<p><a href=\"https:\/\/mycapil.com\/pt-br\/recuperar-cabelo-perdido\/%20\">Como recuperar o cabelo perdido<\/a><\/p>\n<p>\t\t\t\t\t\t\t\t\t\t\t\t<img decoding=\"async\" width=\"555\" height=\"370\" src=\"https:\/\/mycapil.com\/wp-content\/uploads\/2021\/05\/vitamine-capelli.jpg\" alt=\"As melhores vitaminas para o cabelo\" loading=\"lazy\" srcset=\"https:\/\/mycapil.com\/wp-content\/uploads\/2021\/05\/vitamine-capelli.jpg 555w, https:\/\/mycapil.com\/wp-content\/uploads\/2021\/05\/vitamine-capelli-300x200.jpg 300w, https:\/\/mycapil.com\/wp-content\/uploads\/2021\/05\/vitamine-capelli-360x240.jpg 360w, https:\/\/mycapil.com\/wp-content\/uploads\/2021\/05\/vitamine-capelli-262x175.jpg 262w\" sizes=\"auto, (max-width: 555px) 100vw, 555px\" \/>\t\t\t\t\t\t\t\t\t\t\t\t\t\t<\/p>\n<p><a href=\"https:\/\/mycapil.com\/pt-br\/melhores-vitaminas-cabelo\/\">As melhores vitaminas para o cabelo<\/a><\/p>\n<p>\t\t\t\t\t\t\t\t\t\t\t\t<img decoding=\"async\" width=\"600\" height=\"399\" src=\"https:\/\/mycapil.com\/wp-content\/uploads\/2021\/03\/hair-hydratation-treatments.jpg\" alt=\"Tratamentos de hidrata\u00e7\u00e3o capilar\" loading=\"lazy\" srcset=\"https:\/\/mycapil.com\/wp-content\/uploads\/2021\/03\/hair-hydratation-treatments.jpg 600w, https:\/\/mycapil.com\/wp-content\/uploads\/2021\/03\/hair-hydratation-treatments-300x200.jpg 300w, https:\/\/mycapil.com\/wp-content\/uploads\/2021\/03\/hair-hydratation-treatments-555x370.jpg 555w, https:\/\/mycapil.com\/wp-content\/uploads\/2021\/03\/hair-hydratation-treatments-360x240.jpg 360w, https:\/\/mycapil.com\/wp-content\/uploads\/2021\/03\/hair-hydratation-treatments-262x175.jpg 262w\" sizes=\"auto, (max-width: 600px) 100vw, 600px\" \/>\t\t\t\t\t\t\t\t\t\t\t\t\t\t<\/p>\n<p><a href=\"https:\/\/www.mycapil.com\/pt-br\/melhores-alisadores-cabelo-profissionais\/\">Os cinco melhores alisadores de cabelo profissionais<\/a><\/p>\n<p>\t\t\t\t\t\t\t\t\t\t\t\t<img decoding=\"async\" width=\"640\" height=\"480\" src=\"https:\/\/mycapil.com\/wp-content\/uploads\/2021\/01\/regeneracion-capilar-1024x768.jpg\" alt=\"Regeneraci\u00f3n capilar\" loading=\"lazy\" srcset=\"https:\/\/mycapil.com\/wp-content\/uploads\/2021\/01\/regeneracion-capilar-1024x768.jpg 1024w, https:\/\/mycapil.com\/wp-content\/uploads\/2021\/01\/regeneracion-capilar-300x225.jpg 300w, https:\/\/mycapil.com\/wp-content\/uploads\/2021\/01\/regeneracion-capilar-768x576.jpg 768w, https:\/\/mycapil.com\/wp-content\/uploads\/2021\/01\/regeneracion-capilar-555x416.jpg 555w, https:\/\/mycapil.com\/wp-content\/uploads\/2021\/01\/regeneracion-capilar-360x270.jpg 360w, https:\/\/mycapil.com\/wp-content\/uploads\/2021\/01\/regeneracion-capilar-262x197.jpg 262w, https:\/\/mycapil.com\/wp-content\/uploads\/2021\/01\/regeneracion-capilar.jpg 1100w\" sizes=\"auto, (max-width: 640px) 100vw, 640px\" \/>\t\t\t\t\t\t\t\t\t\t\t\t\t\t<\/p>\n<p><a href=\"https:\/\/mycapil.com\/pt-br\/evolucao-transplante-capilar-dia-a-dia\/\">A evolu\u00e7\u00e3o do transplante capilar no dia a dia<\/a><\/p>\n<p>PERDA DE CABELO<\/p>\n<p>\t\t\t\t\t\t\t\t\t\t\t\t<img decoding=\"async\" width=\"555\" height=\"370\" src=\"https:\/\/mycapil.com\/wp-content\/uploads\/2021\/05\/Perche-cadono-capelli.jpg\" alt=\"Por que o cabelo cai\" loading=\"lazy\" srcset=\"https:\/\/mycapil.com\/wp-content\/uploads\/2021\/05\/Perche-cadono-capelli.jpg 555w, https:\/\/mycapil.com\/wp-content\/uploads\/2021\/05\/Perche-cadono-capelli-300x200.jpg 300w, https:\/\/mycapil.com\/wp-content\/uploads\/2021\/05\/Perche-cadono-capelli-360x240.jpg 360w, https:\/\/mycapil.com\/wp-content\/uploads\/2021\/05\/Perche-cadono-capelli-262x175.jpg 262w\" sizes=\"auto, (max-width: 555px) 100vw, 555px\" \/>\t\t\t\t\t\t\t\t\t\t\t\t\t\t<\/p>\n<p><a href=\"https:\/\/mycapil.com\/pt-br\/queda-cabelo-sazonal\/\">Quando a queda de cabelo sazonal ocorre?<\/a><\/p>\n<p>\t\t\t\t\t\t\t\t\t\t\t\t<img decoding=\"async\" width=\"555\" height=\"370\" src=\"https:\/\/mycapil.com\/wp-content\/uploads\/2021\/05\/caduta-capelli-donne.jpg\" alt=\"Perda de cabelo em mulheres\" loading=\"lazy\" srcset=\"https:\/\/mycapil.com\/wp-content\/uploads\/2021\/05\/caduta-capelli-donne.jpg 555w, https:\/\/mycapil.com\/wp-content\/uploads\/2021\/05\/caduta-capelli-donne-300x200.jpg 300w, https:\/\/mycapil.com\/wp-content\/uploads\/2021\/05\/caduta-capelli-donne-360x240.jpg 360w, https:\/\/mycapil.com\/wp-content\/uploads\/2021\/05\/caduta-capelli-donne-262x175.jpg 262w\" sizes=\"auto, (max-width: 555px) 100vw, 555px\" \/>\t\t\t\t\t\t\t\t\t\t\t\t\t\t<\/p>\n<p><a href=\"https:\/\/mycapil.com\/pt-br\/causas-queda-cabelo-mulheres\/\">Quais s\u00e3o as causas da queda de cabelo nas mulheres?<\/a><\/p>\n<p>\t\t\t\t\t\t\t\t\t\t\t\t<img decoding=\"async\" width=\"600\" height=\"400\" src=\"https:\/\/mycapil.com\/wp-content\/uploads\/2021\/05\/foliculite.jpg\" alt=\"Foliculite\" loading=\"lazy\" srcset=\"https:\/\/mycapil.com\/wp-content\/uploads\/2021\/05\/foliculite.jpg 600w, https:\/\/mycapil.com\/wp-content\/uploads\/2021\/05\/foliculite-300x200.jpg 300w, https:\/\/mycapil.com\/wp-content\/uploads\/2021\/05\/foliculite-555x370.jpg 555w, https:\/\/mycapil.com\/wp-content\/uploads\/2021\/05\/foliculite-360x240.jpg 360w, https:\/\/mycapil.com\/wp-content\/uploads\/2021\/05\/foliculite-262x175.jpg 262w\" sizes=\"auto, (max-width: 600px) 100vw, 600px\" \/>\t\t\t\t\t\t\t\t\t\t\t\t\t\t<\/p>\n<p><a href=\"https:\/\/mycapil.com\/pt-br\/foliculite\/\">Foliculite, sintomas e tratamentos<\/a><\/p>\n<p>\t\t\t\t\t\t\t\t\t\t\t\t<img decoding=\"async\" width=\"600\" height=\"400\" src=\"https:\/\/mycapil.com\/wp-content\/uploads\/2021\/06\/injerto-capilar-zaragoza.jpg\" alt=\"As melhores cl\u00ednicas de enxerto capilar de Sao Polo\" loading=\"lazy\" srcset=\"https:\/\/mycapil.com\/wp-content\/uploads\/2021\/06\/injerto-capilar-zaragoza.jpg 600w, https:\/\/mycapil.com\/wp-content\/uploads\/2021\/06\/injerto-capilar-zaragoza-300x200.jpg 300w, https:\/\/mycapil.com\/wp-content\/uploads\/2021\/06\/injerto-capilar-zaragoza-555x370.jpg 555w, https:\/\/mycapil.com\/wp-content\/uploads\/2021\/06\/injerto-capilar-zaragoza-360x240.jpg 360w, https:\/\/mycapil.com\/wp-content\/uploads\/2021\/06\/injerto-capilar-zaragoza-262x175.jpg 262w\" sizes=\"auto, (max-width: 600px) 100vw, 600px\" \/>\t\t\t\t\t\t\t\t\t\t\t\t\t\t<\/p>\n<p><a href=\"https:\/\/mycapil.com\/pt-br\/espinhas-na-cabeca\/\">Espinhas na cabe\u00e7a: causas, sintomas e tratamentos<\/a><\/p>\n<p>ALOPECIA FEMININA<\/p>\n<p>\t\t\t\t\t\t\t\t\t\t\t\t<img decoding=\"async\" width=\"600\" height=\"400\" src=\"https:\/\/mycapil.com\/wp-content\/uploads\/2021\/05\/schiarire-capelli.jpg\" alt=\"Como clarear o cabelo sem usar tintura\" loading=\"lazy\" srcset=\"https:\/\/mycapil.com\/wp-content\/uploads\/2021\/05\/schiarire-capelli.jpg 600w, https:\/\/mycapil.com\/wp-content\/uploads\/2021\/05\/schiarire-capelli-300x200.jpg 300w, https:\/\/mycapil.com\/wp-content\/uploads\/2021\/05\/schiarire-capelli-555x370.jpg 555w, https:\/\/mycapil.com\/wp-content\/uploads\/2021\/05\/schiarire-capelli-360x240.jpg 360w, https:\/\/mycapil.com\/wp-content\/uploads\/2021\/05\/schiarire-capelli-262x175.jpg 262w\" sizes=\"auto, (max-width: 600px) 100vw, 600px\" \/>\t\t\t\t\t\t\t\t\t\t\t\t\t\t<\/p>\n<p><a href=\"https:\/\/mycapil.com\/pt-br\/causas-queda-cabelo-mulheres\/\">Quais s\u00e3o as causas da queda de cabelo nas mulheres?<\/a><\/p>\n<p>\t\t\t\t\t\t\t\t\t\t\t\t<img decoding=\"async\" width=\"600\" height=\"400\" src=\"https:\/\/mycapil.com\/wp-content\/uploads\/2021\/01\/champu-anticaida-mujer.jpg\" alt=\"Shampoo anti-queda de cabelo para mulheres\" loading=\"lazy\" srcset=\"https:\/\/mycapil.com\/wp-content\/uploads\/2021\/01\/champu-anticaida-mujer.jpg 600w, https:\/\/mycapil.com\/wp-content\/uploads\/2021\/01\/champu-anticaida-mujer-300x200.jpg 300w, https:\/\/mycapil.com\/wp-content\/uploads\/2021\/01\/champu-anticaida-mujer-555x370.jpg 555w, https:\/\/mycapil.com\/wp-content\/uploads\/2021\/01\/champu-anticaida-mujer-360x240.jpg 360w, https:\/\/mycapil.com\/wp-content\/uploads\/2021\/01\/champu-anticaida-mujer-262x175.jpg 262w\" sizes=\"auto, (max-width: 600px) 100vw, 600px\" \/>\t\t\t\t\t\t\t\t\t\t\t\t\t\t<\/p>\n<p><a href=\"https:\/\/www.mycapil.com\/pt-br\/causas-queda-cabelo-mulheres\/\">Alopecia em mulheres<\/a><\/p>\n<p>\t\t\t\t\t\t\t\t\t\t\t\t<img decoding=\"async\" width=\"640\" height=\"426\" src=\"https:\/\/mycapil.com\/wp-content\/uploads\/2020\/03\/caida-cabello.jpg\" alt=\"perda de cabelo\" loading=\"lazy\" srcset=\"https:\/\/mycapil.com\/wp-content\/uploads\/2020\/03\/caida-cabello.jpg 656w, https:\/\/mycapil.com\/wp-content\/uploads\/2020\/03\/caida-cabello-300x200.jpg 300w\" sizes=\"auto, (max-width: 640px) 100vw, 640px\" \/>\t\t\t\t\t\t\t\t\t\t\t\t\t\t<\/p>\n<p><a href=\"https:\/\/mycapil.com\/pt-br\/alopecia-prematura\/\">Alopecia prematura aos 20 anos<\/a><\/p>\n<p>\t\t\t\t\t\t\t\t\t\t\t\t<img decoding=\"async\" width=\"626\" height=\"417\" src=\"https:\/\/mycapil.com\/wp-content\/uploads\/2020\/02\/AlopeciaCausas.jpg\" alt=\"\" loading=\"lazy\" srcset=\"https:\/\/mycapil.com\/wp-content\/uploads\/2020\/02\/AlopeciaCausas.jpg 626w, https:\/\/mycapil.com\/wp-content\/uploads\/2020\/02\/AlopeciaCausas-300x200.jpg 300w, https:\/\/mycapil.com\/wp-content\/uploads\/2020\/02\/AlopeciaCausas-555x370.jpg 555w, https:\/\/mycapil.com\/wp-content\/uploads\/2020\/02\/AlopeciaCausas-360x240.jpg 360w, https:\/\/mycapil.com\/wp-content\/uploads\/2020\/02\/AlopeciaCausas-262x175.jpg 262w\" sizes=\"auto, (max-width: 626px) 100vw, 626px\" \/>\t\t\t\t\t\t\t\t\t\t\t\t\t\t<\/p>\n<p><a href=\"https:\/\/mycapil.com\/pt-br\/como-detectar-alopecia-precoce\/\">Como detectar os sinais da alopecia precoce<\/a><\/p>\n","protected":false},"excerpt":{"rendered":"<p>Tudo sobre O mundo do cabelo Disponibilizamos os melhores artigos e informa\u00e7\u00f5es para que conhe\u00e7a todos os segredos do cabelo. Trapianto di capelli Quanto costa un trapianto di capelli in Turchia? La perdita dei capelli, detta alopecia, \u00e8 un problema diffuso soprattutto tra gli uomini. Secondo le stime pi\u00f9 recenti, interessa il 50% degli uomini [&hellip;]<\/p>\n","protected":false},"author":2,"featured_media":0,"parent":0,"menu_order":0,"comment_status":"closed","ping_status":"closed","template":"","meta":{"footnotes":""},"class_list":["post-3522","page","type-page","status-publish"],"yoast_head":"<!-- This site is optimized with the Yoast SEO plugin v25.9 - https:\/\/yoast.com\/wordpress\/plugins\/seo\/ -->\n<title>Blog de cabelo | Segredos, tratamentos e muito mais | MyCapil<\/title>\n<meta name=\"description\" content=\"Neste blog iremos mergulhar no mundo dos cabelos e tratamentos capilares. Dicas, segredos de beleza e muito mais. Se inscrever\" \/>\n<meta name=\"robots\" content=\"index, follow, max-snippet:-1, max-image-preview:large, max-video-preview:-1\" \/>\n<link rel=\"canonical\" href=\"https:\/\/mycapil.com\/pt-br\/home\/\" \/>\n<meta property=\"og:locale\" content=\"pt_PT\" \/>\n<meta property=\"og:type\" content=\"article\" \/>\n<meta property=\"og:title\" content=\"Blog de cabelo | Segredos, tratamentos e muito mais | MyCapil\" \/>\n<meta property=\"og:description\" content=\"Neste blog iremos mergulhar no mundo dos cabelos e tratamentos capilares. Dicas, segredos de beleza e muito mais. Se inscrever\" \/>\n<meta property=\"og:url\" content=\"https:\/\/mycapil.com\/pt-br\/home\/\" \/>\n<meta property=\"og:site_name\" content=\"MyCapil\" \/>\n<meta property=\"article:modified_time\" content=\"2021-10-12T18:43:43+00:00\" \/>\n<meta property=\"og:image\" content=\"https:\/\/mycapil.com\/wp-content\/uploads\/2021\/09\/trapianto-capelli-turchia.jpg\" \/>\n<meta name=\"twitter:card\" content=\"summary_large_image\" \/>\n<meta name=\"twitter:label1\" content=\"Est. reading time\" \/>\n\t<meta name=\"twitter:data1\" content=\"9 minutes\" \/>\n<script type=\"application\/ld+json\" class=\"yoast-schema-graph\">{\"@context\":\"https:\/\/schema.org\",\"@graph\":[{\"@type\":\"WebPage\",\"@id\":\"https:\/\/mycapil.com\/pt-br\/home\/\",\"url\":\"https:\/\/mycapil.com\/pt-br\/home\/\",\"name\":\"Blog de cabelo | Segredos, tratamentos e muito mais | MyCapil\",\"isPartOf\":{\"@id\":\"https:\/\/mycapil.com\/pt-br\/#website\"},\"primaryImageOfPage\":{\"@id\":\"https:\/\/mycapil.com\/pt-br\/home\/#primaryimage\"},\"image\":{\"@id\":\"https:\/\/mycapil.com\/pt-br\/home\/#primaryimage\"},\"thumbnailUrl\":\"https:\/\/mycapil.com\/wp-content\/uploads\/2021\/09\/trapianto-capelli-turchia.jpg\",\"datePublished\":\"2021-07-14T10:20:42+00:00\",\"dateModified\":\"2021-10-12T18:43:43+00:00\",\"description\":\"Neste blog iremos mergulhar no mundo dos cabelos e tratamentos capilares. Dicas, segredos de beleza e muito mais. Se inscrever\",\"breadcrumb\":{\"@id\":\"https:\/\/mycapil.com\/pt-br\/home\/#breadcrumb\"},\"inLanguage\":\"pt\",\"potentialAction\":[{\"@type\":\"ReadAction\",\"target\":[\"https:\/\/mycapil.com\/pt-br\/home\/\"]}]},{\"@type\":\"ImageObject\",\"inLanguage\":\"pt\",\"@id\":\"https:\/\/mycapil.com\/pt-br\/home\/#primaryimage\",\"url\":\"https:\/\/mycapil.com\/wp-content\/uploads\/2021\/09\/trapianto-capelli-turchia.jpg\",\"contentUrl\":\"https:\/\/mycapil.com\/wp-content\/uploads\/2021\/09\/trapianto-capelli-turchia.jpg\"},{\"@type\":\"BreadcrumbList\",\"@id\":\"https:\/\/mycapil.com\/pt-br\/home\/#breadcrumb\",\"itemListElement\":[{\"@type\":\"ListItem\",\"position\":1,\"name\":\"Home\",\"item\":\"https:\/\/mycapil.com\/pt-br\/\"},{\"@type\":\"ListItem\",\"position\":2,\"name\":\"Home\"}]},{\"@type\":\"WebSite\",\"@id\":\"https:\/\/mycapil.com\/pt-br\/#website\",\"url\":\"https:\/\/mycapil.com\/pt-br\/\",\"name\":\"MyCapil\",\"description\":\"Alopecia, queda de cabelo, capilar\",\"publisher\":{\"@id\":\"https:\/\/mycapil.com\/pt-br\/#organization\"},\"potentialAction\":[{\"@type\":\"SearchAction\",\"target\":{\"@type\":\"EntryPoint\",\"urlTemplate\":\"https:\/\/mycapil.com\/pt-br\/?s={search_term_string}\"},\"query-input\":{\"@type\":\"PropertyValueSpecification\",\"valueRequired\":true,\"valueName\":\"search_term_string\"}}],\"inLanguage\":\"pt\"},{\"@type\":\"Organization\",\"@id\":\"https:\/\/mycapil.com\/pt-br\/#organization\",\"name\":\"MyCapil\",\"url\":\"https:\/\/mycapil.com\/pt-br\/\",\"logo\":{\"@type\":\"ImageObject\",\"inLanguage\":\"pt\",\"@id\":\"https:\/\/mycapil.com\/pt-br\/#\/schema\/logo\/image\/\",\"url\":\"https:\/\/mycapil.com\/wp-content\/uploads\/2020\/02\/Mycapil3.png\",\"contentUrl\":\"https:\/\/mycapil.com\/wp-content\/uploads\/2020\/02\/Mycapil3.png\",\"width\":339,\"height\":113,\"caption\":\"MyCapil\"},\"image\":{\"@id\":\"https:\/\/mycapil.com\/pt-br\/#\/schema\/logo\/image\/\"}}]}<\/script>\n<!-- \/ Yoast SEO plugin. -->","yoast_head_json":{"title":"Blog de cabelo | Segredos, tratamentos e muito mais | MyCapil","description":"Neste blog iremos mergulhar no mundo dos cabelos e tratamentos capilares. Dicas, segredos de beleza e muito mais. Se inscrever","robots":{"index":"index","follow":"follow","max-snippet":"max-snippet:-1","max-image-preview":"max-image-preview:large","max-video-preview":"max-video-preview:-1"},"canonical":"https:\/\/mycapil.com\/pt-br\/home\/","og_locale":"pt_PT","og_type":"article","og_title":"Blog de cabelo | Segredos, tratamentos e muito mais | MyCapil","og_description":"Neste blog iremos mergulhar no mundo dos cabelos e tratamentos capilares. Dicas, segredos de beleza e muito mais. Se inscrever","og_url":"https:\/\/mycapil.com\/pt-br\/home\/","og_site_name":"MyCapil","article_modified_time":"2021-10-12T18:43:43+00:00","og_image":[{"url":"https:\/\/mycapil.com\/wp-content\/uploads\/2021\/09\/trapianto-capelli-turchia.jpg","type":"","width":"","height":""}],"twitter_card":"summary_large_image","twitter_misc":{"Est. reading time":"9 minutes"},"schema":{"@context":"https:\/\/schema.org","@graph":[{"@type":"WebPage","@id":"https:\/\/mycapil.com\/pt-br\/home\/","url":"https:\/\/mycapil.com\/pt-br\/home\/","name":"Blog de cabelo | Segredos, tratamentos e muito mais | MyCapil","isPartOf":{"@id":"https:\/\/mycapil.com\/pt-br\/#website"},"primaryImageOfPage":{"@id":"https:\/\/mycapil.com\/pt-br\/home\/#primaryimage"},"image":{"@id":"https:\/\/mycapil.com\/pt-br\/home\/#primaryimage"},"thumbnailUrl":"https:\/\/mycapil.com\/wp-content\/uploads\/2021\/09\/trapianto-capelli-turchia.jpg","datePublished":"2021-07-14T10:20:42+00:00","dateModified":"2021-10-12T18:43:43+00:00","description":"Neste blog iremos mergulhar no mundo dos cabelos e tratamentos capilares. Dicas, segredos de beleza e muito mais. Se inscrever","breadcrumb":{"@id":"https:\/\/mycapil.com\/pt-br\/home\/#breadcrumb"},"inLanguage":"pt","potentialAction":[{"@type":"ReadAction","target":["https:\/\/mycapil.com\/pt-br\/home\/"]}]},{"@type":"ImageObject","inLanguage":"pt","@id":"https:\/\/mycapil.com\/pt-br\/home\/#primaryimage","url":"https:\/\/mycapil.com\/wp-content\/uploads\/2021\/09\/trapianto-capelli-turchia.jpg","contentUrl":"https:\/\/mycapil.com\/wp-content\/uploads\/2021\/09\/trapianto-capelli-turchia.jpg"},{"@type":"BreadcrumbList","@id":"https:\/\/mycapil.com\/pt-br\/home\/#breadcrumb","itemListElement":[{"@type":"ListItem","position":1,"name":"Home","item":"https:\/\/mycapil.com\/pt-br\/"},{"@type":"ListItem","position":2,"name":"Home"}]},{"@type":"WebSite","@id":"https:\/\/mycapil.com\/pt-br\/#website","url":"https:\/\/mycapil.com\/pt-br\/","name":"MyCapil","description":"Alopecia, queda de cabelo, capilar","publisher":{"@id":"https:\/\/mycapil.com\/pt-br\/#organization"},"potentialAction":[{"@type":"SearchAction","target":{"@type":"EntryPoint","urlTemplate":"https:\/\/mycapil.com\/pt-br\/?s={search_term_string}"},"query-input":{"@type":"PropertyValueSpecification","valueRequired":true,"valueName":"search_term_string"}}],"inLanguage":"pt"},{"@type":"Organization","@id":"https:\/\/mycapil.com\/pt-br\/#organization","name":"MyCapil","url":"https:\/\/mycapil.com\/pt-br\/","logo":{"@type":"ImageObject","inLanguage":"pt","@id":"https:\/\/mycapil.com\/pt-br\/#\/schema\/logo\/image\/","url":"https:\/\/mycapil.com\/wp-content\/uploads\/2020\/02\/Mycapil3.png","contentUrl":"https:\/\/mycapil.com\/wp-content\/uploads\/2020\/02\/Mycapil3.png","width":339,"height":113,"caption":"MyCapil"},"image":{"@id":"https:\/\/mycapil.com\/pt-br\/#\/schema\/logo\/image\/"}}]}},"_links":{"self":[{"href":"https:\/\/mycapil.com\/pt-br\/wp-json\/wp\/v2\/pages\/3522","targetHints":{"allow":["GET"]}}],"collection":[{"href":"https:\/\/mycapil.com\/pt-br\/wp-json\/wp\/v2\/pages"}],"about":[{"href":"https:\/\/mycapil.com\/pt-br\/wp-json\/wp\/v2\/types\/page"}],"author":[{"embeddable":true,"href":"https:\/\/mycapil.com\/pt-br\/wp-json\/wp\/v2\/users\/2"}],"replies":[{"embeddable":true,"href":"https:\/\/mycapil.com\/pt-br\/wp-json\/wp\/v2\/comments?post=3522"}],"version-history":[{"count":19,"href":"https:\/\/mycapil.com\/pt-br\/wp-json\/wp\/v2\/pages\/3522\/revisions"}],"predecessor-version":[{"id":4418,"href":"https:\/\/mycapil.com\/pt-br\/wp-json\/wp\/v2\/pages\/3522\/revisions\/4418"}],"wp:attachment":[{"href":"https:\/\/mycapil.com\/pt-br\/wp-json\/wp\/v2\/media?parent=3522"}],"curies":[{"name":"wp","href":"https:\/\/api.w.org\/{rel}","templated":true}]}}